{"id":4005,"date":"2024-02-01T09:00:41","date_gmt":"2024-02-01T07:00:41","guid":{"rendered":"https:\/\/bokslukaren.org\/?post_type=learning_material&#038;p=4005"},"modified":"2025-08-26T11:20:01","modified_gmt":"2025-08-26T08:20:01","slug":"rattan-bettan-och-masken-baudelaire-babypoesi-och-vilda-ramsor","status":"publish","type":"learning_material","link":"https:\/\/bokslukaren.org\/fi\/materiaali\/rattan-bettan-och-masken-baudelaire-babypoesi-och-vilda-ramsor\/","title":{"rendered":"R\u00e5ttan Bettan och masken Baudelaire: Babypoesi och vilda ramsor"},"content":{"rendered":"<p>Baudeliero ja Mette-rotta ovat<br \/>\nkaksi hahmoa, jotka kohtaamme t\u00e4ss\u00e4<br \/>\nlastenrunokirjassa. Kirjan runot viev\u00e4t<br \/>\nlukijan sek\u00e4 arkisiin paikkoihin ett\u00e4<br \/>\nmielikuvitusmaailmaan. Luvassa on rakkautta,<br \/>\nvakavia asioita, huumoria, villej\u00e4 riimej\u00e4 ja<br \/>\nrunoja, jotka voivat sytytt\u00e4\u00e4 kielikipin\u00e4n ja<br \/>\ninnostaa liikkumaan ja leikkim\u00e4\u00e4n.<\/p>\n","protected":false},"author":12,"featured_media":4036,"template":"","format":"standard","meta":{"_acf_changed":false,"_monsterinsights_skip_tracking":false,"_monsterinsights_sitenote_active":false,"_monsterinsights_sitenote_note":"","_monsterinsights_sitenote_category":0},"material_tags":[259,344,329,158,190,160,528,657,321,297,147],"class_list":["post-4005","learning_material","type-learning_material","status-publish","format-standard","has-post-thumbnail","hentry","tag-arki","tag-elaimet","tag-elamykset","tag-leikki","tag-luonto","tag-mielikuvitus","tag-perhe","tag-runous","tag-suhteet","tag-tunteet","tag-uteliaisuus"],"acf":{"authors":[{"firstname":"Annika","lastname":"Sandelin"},{"firstname":"Karoliina","lastname":"Pertamo"}],"original_language":"sv","learning_material":{"fi":4006,"sv":4011,"no":4016,"da":4021,"is":4026,"sme":"","fo":"","gl":""},"sound_material_title":{"fi":"Rotta","sv":"R\u00e5tta","no":"Rotte","da":"Rotte","is":"Rotta","sme":"Roahttu","fo":"Rotta","gl":"Teriarsuaq"},"soundfile":4031},"yoast_head":"<!-- This site is optimized with the Yoast SEO plugin v27.5 - https:\/\/yoast.com\/product\/yoast-seo-wordpress\/ -->\n<title>R\u00e5ttan Bettan och masken Baudelaire: Babypoesi och vilda ramsor - Bokslukaren<\/title>\n<meta name=\"robots\" content=\"index, follow, max-snippet:-1, max-image-preview:large, max-video-preview:-1\" \/>\n<link rel=\"canonical\" href=\"https:\/\/bokslukaren.org\/fi\/materiaali\/rattan-bettan-och-masken-baudelaire-babypoesi-och-vilda-ramsor\/\" \/>\n<meta property=\"og:locale\" content=\"fi_FI\" \/>\n<meta property=\"og:type\" content=\"article\" \/>\n<meta property=\"og:title\" content=\"R\u00e5ttan Bettan och masken Baudelaire: Babypoesi och vilda ramsor - Bokslukaren\" \/>\n<meta property=\"og:description\" content=\"Baudeliero ja Mette-rotta ovat kaksi hahmoa, jotka kohtaamme t\u00e4ss\u00e4 lastenrunokirjassa. Kirjan runot viev\u00e4t lukijan sek\u00e4 arkisiin paikkoihin ett\u00e4 mielikuvitusmaailmaan. Luvassa on rakkautta, vakavia asioita, huumoria, villej\u00e4 riimej\u00e4 ja runoja, jotka voivat sytytt\u00e4\u00e4 kielikipin\u00e4n ja innostaa liikkumaan ja leikkim\u00e4\u00e4n.\" \/>\n<meta property=\"og:url\" content=\"https:\/\/bokslukaren.org\/fi\/materiaali\/rattan-bettan-och-masken-baudelaire-babypoesi-och-vilda-ramsor\/\" \/>\n<meta property=\"og:site_name\" content=\"Bokslukaren\" \/>\n<meta property=\"article:publisher\" content=\"https:\/\/www.facebook.com\/nordiskkulturkontakt\/\" \/>\n<meta property=\"article:modified_time\" content=\"2025-08-26T08:20:01+00:00\" \/>\n<meta property=\"og:image\" content=\"https:\/\/bokslukaren.org\/wp-content\/uploads\/2024\/01\/RattanBettanOchMaskenBaudelaire2013_Page_01-scaled.jpg\" \/>\n\t<meta property=\"og:image:width\" content=\"1411\" \/>\n\t<meta property=\"og:image:height\" content=\"2560\" \/>\n\t<meta property=\"og:image:type\" content=\"image\/jpeg\" \/>\n<meta name=\"twitter:card\" content=\"summary_large_image\" \/>\n<meta name=\"twitter:label1\" content=\"Arvioitu lukuaika\" \/>\n\t<meta name=\"twitter:data1\" content=\"1 minuutti\" \/>\n<script type=\"application\/ld+json\" class=\"yoast-schema-graph\">{\"@context\":\"https:\\\/\\\/schema.org\",\"@graph\":[{\"@type\":\"WebPage\",\"@id\":\"https:\\\/\\\/bokslukaren.org\\\/fi\\\/materiaali\\\/rattan-bettan-och-masken-baudelaire-babypoesi-och-vilda-ramsor\\\/\",\"url\":\"https:\\\/\\\/bokslukaren.org\\\/fi\\\/materiaali\\\/rattan-bettan-och-masken-baudelaire-babypoesi-och-vilda-ramsor\\\/\",\"name\":\"R\u00e5ttan Bettan och masken Baudelaire: Babypoesi och vilda ramsor - Bokslukaren\",\"isPartOf\":{\"@id\":\"https:\\\/\\\/bokslukaren.org\\\/fi\\\/#website\"},\"primaryImageOfPage\":{\"@id\":\"https:\\\/\\\/bokslukaren.org\\\/fi\\\/materiaali\\\/rattan-bettan-och-masken-baudelaire-babypoesi-och-vilda-ramsor\\\/#primaryimage\"},\"image\":{\"@id\":\"https:\\\/\\\/bokslukaren.org\\\/fi\\\/materiaali\\\/rattan-bettan-och-masken-baudelaire-babypoesi-och-vilda-ramsor\\\/#primaryimage\"},\"thumbnailUrl\":\"https:\\\/\\\/bokslukaren.org\\\/wp-content\\\/uploads\\\/2024\\\/01\\\/RattanBettanOchMaskenBaudelaire2013_Page_01-scaled.jpg\",\"datePublished\":\"2024-02-01T07:00:41+00:00\",\"dateModified\":\"2025-08-26T08:20:01+00:00\",\"breadcrumb\":{\"@id\":\"https:\\\/\\\/bokslukaren.org\\\/fi\\\/materiaali\\\/rattan-bettan-och-masken-baudelaire-babypoesi-och-vilda-ramsor\\\/#breadcrumb\"},\"inLanguage\":\"fi\",\"potentialAction\":[{\"@type\":\"ReadAction\",\"target\":[\"https:\\\/\\\/bokslukaren.org\\\/fi\\\/materiaali\\\/rattan-bettan-och-masken-baudelaire-babypoesi-och-vilda-ramsor\\\/\"]}]},{\"@type\":\"ImageObject\",\"inLanguage\":\"fi\",\"@id\":\"https:\\\/\\\/bokslukaren.org\\\/fi\\\/materiaali\\\/rattan-bettan-och-masken-baudelaire-babypoesi-och-vilda-ramsor\\\/#primaryimage\",\"url\":\"https:\\\/\\\/bokslukaren.org\\\/wp-content\\\/uploads\\\/2024\\\/01\\\/RattanBettanOchMaskenBaudelaire2013_Page_01-scaled.jpg\",\"contentUrl\":\"https:\\\/\\\/bokslukaren.org\\\/wp-content\\\/uploads\\\/2024\\\/01\\\/RattanBettanOchMaskenBaudelaire2013_Page_01-scaled.jpg\",\"width\":1411,\"height\":2560,\"caption\":\"\\\"\\\"\"},{\"@type\":\"BreadcrumbList\",\"@id\":\"https:\\\/\\\/bokslukaren.org\\\/fi\\\/materiaali\\\/rattan-bettan-och-masken-baudelaire-babypoesi-och-vilda-ramsor\\\/#breadcrumb\",\"itemListElement\":[{\"@type\":\"ListItem\",\"position\":1,\"name\":\"Oppimateriaalit\",\"item\":\"https:\\\/\\\/bokslukaren.org\\\/fi\\\/materiaali\\\/\"},{\"@type\":\"ListItem\",\"position\":2,\"name\":\"R\u00e5ttan Bettan och masken Baudelaire: Babypoesi och vilda ramsor\"}]},{\"@type\":\"WebSite\",\"@id\":\"https:\\\/\\\/bokslukaren.org\\\/fi\\\/#website\",\"url\":\"https:\\\/\\\/bokslukaren.org\\\/fi\\\/\",\"name\":\"Bokslukaren\",\"description\":\"Test\",\"potentialAction\":[{\"@type\":\"SearchAction\",\"target\":{\"@type\":\"EntryPoint\",\"urlTemplate\":\"https:\\\/\\\/bokslukaren.org\\\/fi\\\/?s={search_term_string}\"},\"query-input\":{\"@type\":\"PropertyValueSpecification\",\"valueRequired\":true,\"valueName\":\"search_term_string\"}}],\"inLanguage\":\"fi\"}]}<\/script>\n<!-- \/ Yoast SEO plugin. -->","yoast_head_json":{"title":"R\u00e5ttan Bettan och masken Baudelaire: Babypoesi och vilda ramsor - Bokslukaren","robots":{"index":"index","follow":"follow","max-snippet":"max-snippet:-1","max-image-preview":"max-image-preview:large","max-video-preview":"max-video-preview:-1"},"canonical":"https:\/\/bokslukaren.org\/fi\/materiaali\/rattan-bettan-och-masken-baudelaire-babypoesi-och-vilda-ramsor\/","og_locale":"fi_FI","og_type":"article","og_title":"R\u00e5ttan Bettan och masken Baudelaire: Babypoesi och vilda ramsor - Bokslukaren","og_description":"Baudeliero ja Mette-rotta ovat kaksi hahmoa, jotka kohtaamme t\u00e4ss\u00e4 lastenrunokirjassa. Kirjan runot viev\u00e4t lukijan sek\u00e4 arkisiin paikkoihin ett\u00e4 mielikuvitusmaailmaan. Luvassa on rakkautta, vakavia asioita, huumoria, villej\u00e4 riimej\u00e4 ja runoja, jotka voivat sytytt\u00e4\u00e4 kielikipin\u00e4n ja innostaa liikkumaan ja leikkim\u00e4\u00e4n.","og_url":"https:\/\/bokslukaren.org\/fi\/materiaali\/rattan-bettan-och-masken-baudelaire-babypoesi-och-vilda-ramsor\/","og_site_name":"Bokslukaren","article_publisher":"https:\/\/www.facebook.com\/nordiskkulturkontakt\/","article_modified_time":"2025-08-26T08:20:01+00:00","og_image":[{"width":1411,"height":2560,"url":"https:\/\/bokslukaren.org\/wp-content\/uploads\/2024\/01\/RattanBettanOchMaskenBaudelaire2013_Page_01-scaled.jpg","type":"image\/jpeg"}],"twitter_card":"summary_large_image","twitter_misc":{"Arvioitu lukuaika":"1 minuutti"},"schema":{"@context":"https:\/\/schema.org","@graph":[{"@type":"WebPage","@id":"https:\/\/bokslukaren.org\/fi\/materiaali\/rattan-bettan-och-masken-baudelaire-babypoesi-och-vilda-ramsor\/","url":"https:\/\/bokslukaren.org\/fi\/materiaali\/rattan-bettan-och-masken-baudelaire-babypoesi-och-vilda-ramsor\/","name":"R\u00e5ttan Bettan och masken Baudelaire: Babypoesi och vilda ramsor - Bokslukaren","isPartOf":{"@id":"https:\/\/bokslukaren.org\/fi\/#website"},"primaryImageOfPage":{"@id":"https:\/\/bokslukaren.org\/fi\/materiaali\/rattan-bettan-och-masken-baudelaire-babypoesi-och-vilda-ramsor\/#primaryimage"},"image":{"@id":"https:\/\/bokslukaren.org\/fi\/materiaali\/rattan-bettan-och-masken-baudelaire-babypoesi-och-vilda-ramsor\/#primaryimage"},"thumbnailUrl":"https:\/\/bokslukaren.org\/wp-content\/uploads\/2024\/01\/RattanBettanOchMaskenBaudelaire2013_Page_01-scaled.jpg","datePublished":"2024-02-01T07:00:41+00:00","dateModified":"2025-08-26T08:20:01+00:00","breadcrumb":{"@id":"https:\/\/bokslukaren.org\/fi\/materiaali\/rattan-bettan-och-masken-baudelaire-babypoesi-och-vilda-ramsor\/#breadcrumb"},"inLanguage":"fi","potentialAction":[{"@type":"ReadAction","target":["https:\/\/bokslukaren.org\/fi\/materiaali\/rattan-bettan-och-masken-baudelaire-babypoesi-och-vilda-ramsor\/"]}]},{"@type":"ImageObject","inLanguage":"fi","@id":"https:\/\/bokslukaren.org\/fi\/materiaali\/rattan-bettan-och-masken-baudelaire-babypoesi-och-vilda-ramsor\/#primaryimage","url":"https:\/\/bokslukaren.org\/wp-content\/uploads\/2024\/01\/RattanBettanOchMaskenBaudelaire2013_Page_01-scaled.jpg","contentUrl":"https:\/\/bokslukaren.org\/wp-content\/uploads\/2024\/01\/RattanBettanOchMaskenBaudelaire2013_Page_01-scaled.jpg","width":1411,"height":2560,"caption":"\"\""},{"@type":"BreadcrumbList","@id":"https:\/\/bokslukaren.org\/fi\/materiaali\/rattan-bettan-och-masken-baudelaire-babypoesi-och-vilda-ramsor\/#breadcrumb","itemListElement":[{"@type":"ListItem","position":1,"name":"Oppimateriaalit","item":"https:\/\/bokslukaren.org\/fi\/materiaali\/"},{"@type":"ListItem","position":2,"name":"R\u00e5ttan Bettan och masken Baudelaire: Babypoesi och vilda ramsor"}]},{"@type":"WebSite","@id":"https:\/\/bokslukaren.org\/fi\/#website","url":"https:\/\/bokslukaren.org\/fi\/","name":"Bokslukaren","description":"Test","potentialAction":[{"@type":"SearchAction","target":{"@type":"EntryPoint","urlTemplate":"https:\/\/bokslukaren.org\/fi\/?s={search_term_string}"},"query-input":{"@type":"PropertyValueSpecification","valueRequired":true,"valueName":"search_term_string"}}],"inLanguage":"fi"}]}},"post-meta-fields":{"_wpml_word_count":["69"],"_edit_lock":["1756196261:12"],"_edit_last":["12"],"_wpml_media_has_media":["1"],"_thumbnail_id":["4036"],"authors_0_firstname":["Annika"],"_authors_0_firstname":["field_61f0488570bfa"],"authors_0_lastname":["Sandelin"],"_authors_0_lastname":["field_61f048a670bfb"],"authors_1_firstname":["Karoliina"],"_authors_1_firstname":["field_61f0488570bfa"],"authors_1_lastname":["Pertamo"],"_authors_1_lastname":["field_61f048a670bfb"],"authors":["2"],"_authors":["field_61f0484070bf9"],"original_language":["sv"],"_original_language":["field_61f048ef70bfc"],"learning_material_fi":["4006"],"_learning_material_fi":["field_61e801ac3e256"],"learning_material_sv":["4011"],"_learning_material_sv":["field_61f40db2d2112"],"learning_material_no":["4016"],"_learning_material_no":["field_61e8024d3e259"],"learning_material_da":["4021"],"_learning_material_da":["field_61f40dd2d2113"],"learning_material_is":["4026"],"_learning_material_is":["field_61e802743e25b"],"learning_material_sme":[""],"_learning_material_sme":["field_61e802aa3e25c"],"learning_material_fo":[""],"_learning_material_fo":["field_61e802ca3e25d"],"learning_material_gl":[""],"_learning_material_gl":["field_61e802dc3e25e"],"learning_material":[""],"_learning_material":["field_61e8018c3e255"],"sound_material_title_fi":["Rotta"],"_sound_material_title_fi":["field_64942042cced9"],"sound_material_title_sv":["R\u00e5tta"],"_sound_material_title_sv":["field_6494204acceda"],"sound_material_title_no":["Rotte"],"_sound_material_title_no":["field_64942058ccedb"],"sound_material_title_da":["Rotte"],"_sound_material_title_da":["field_64942064ccedc"],"sound_material_title_is":["Rotta"],"_sound_material_title_is":["field_6494206eccedd"],"sound_material_title_sme":["Roahttu"],"_sound_material_title_sme":["field_6494207cccede"],"sound_material_title_fo":["Rotta"],"_sound_material_title_fo":["field_6494208bccedf"],"sound_material_title_gl":["Teriarsuaq"],"_sound_material_title_gl":["field_64942093ccee0"],"sound_material_title":[""],"_sound_material_title":["field_64942028cced8"],"soundfile":["4031"],"_soundfile":["field_649420acccee1"],"_wpml_media_duplicate":["1"],"_wpml_media_featured":["1"],"_yoast_wpseo_content_score":["90"],"_yoast_wpseo_estimated-reading-time-minutes":["1"],"_yoast_wpseo_wordproof_timestamp":[""],"_monsterinsights_sitenote_active":["0"]},"material_image":"https:\/\/bokslukaren.org\/wp-content\/uploads\/2024\/01\/RattanBettanOchMaskenBaudelaire2013_Page_01-165x300.jpg","_links":{"self":[{"href":"https:\/\/bokslukaren.org\/fi\/wp-json\/wp\/v2\/learning_material\/4005","targetHints":{"allow":["GET"]}}],"collection":[{"href":"https:\/\/bokslukaren.org\/fi\/wp-json\/wp\/v2\/learning_material"}],"about":[{"href":"https:\/\/bokslukaren.org\/fi\/wp-json\/wp\/v2\/types\/learning_material"}],"author":[{"embeddable":true,"href":"https:\/\/bokslukaren.org\/fi\/wp-json\/wp\/v2\/users\/12"}],"wp:featuredmedia":[{"embeddable":true,"href":"https:\/\/bokslukaren.org\/fi\/wp-json\/wp\/v2\/media\/4036"}],"wp:attachment":[{"href":"https:\/\/bokslukaren.org\/fi\/wp-json\/wp\/v2\/media?parent=4005"}],"wp:term":[{"taxonomy":"tag","embeddable":true,"href":"https:\/\/bokslukaren.org\/fi\/wp-json\/wp\/v2\/material_tags?post=4005"}],"curies":[{"name":"wp","href":"https:\/\/api.w.org\/{rel}","templated":true}]}}