{"id":3564,"date":"2023-09-26T23:41:04","date_gmt":"2023-09-26T20:41:04","guid":{"rendered":"https:\/\/bokslukaren.org\/?post_type=learning_material&#038;p=3564"},"modified":"2023-09-26T23:41:04","modified_gmt":"2023-09-26T20:41:04","slug":"glomdagen","status":"publish","type":"learning_material","link":"https:\/\/bokslukaren.org\/is\/material\/glomdagen\/","title":{"rendered":"Gl\u00f6mdagen"},"content":{"rendered":"<p>Noa er bo\u00f0i\u00f0 \u00ed afm\u00e6li en hann og<br \/>\nmamma hans gleymdu a\u00f0 kaupa gj\u00f6f! \u00deetta<br \/>\nver\u00f0ur mj\u00f6g stressandi og mamma hans er<br \/>\n\u00f3\u00feolinm\u00f3\u00f0 vi\u00f0 hann. Noa vill miklu frekar fara<br \/>\nheim en a\u00f0 kaupa gj\u00f6f og m\u00e6ta \u00ed afm\u00e6li\u00f0.<br \/>\nHugsi\u00f0 ykkur hva\u00f0 er h\u00e6gt a\u00f0 gleyma m\u00f6rgu<br \/>\n\u00e1 einum degi; h\u00fafu, \u00falpu, afm\u00e6lisgj\u00f6f. Og hver<br \/>\nfinnur svo alla t\u00fdndu hlutina?<\/p>\n","protected":false},"author":12,"featured_media":3315,"template":"","format":"standard","meta":{"_acf_changed":false,"_monsterinsights_skip_tracking":false,"_monsterinsights_sitenote_active":false,"_monsterinsights_sitenote_note":"","_monsterinsights_sitenote_category":0},"material_tags":[762,266,529,290,300,763,301],"class_list":["post-3564","learning_material","type-learning_material","status-publish","format-standard","has-post-thumbnail","hentry","tag-afmaeli","tag-daglegt-lif","tag-fjolskylda","tag-hugmyndaflug","tag-lausn-a-vanda","tag-streita","tag-tilfinningar"],"acf":{"authors":[{"firstname":"Sara","lastname":"Lundberg"}],"original_language":"sv","learning_material":{"fi":3524,"sv":3529,"no":3534,"da":3539,"is":3544,"sme":3549,"fo":4350,"gl":3559},"sound_material_title":{"fi":"Juhlat","sv":"Kalas","no":"Fest","da":"Fest","is":"Veisla","sme":"Feasta","fo":"Veitsla","gl":"Inuuissiortumik nalliuttorsiutiginninneq"},"soundfile":3767},"yoast_head":"<!-- This site is optimized with the Yoast SEO plugin v27.5 - https:\/\/yoast.com\/product\/yoast-seo-wordpress\/ -->\n<title>Gl\u00f6mdagen - Bokslukaren<\/title>\n<meta name=\"robots\" content=\"index, follow, max-snippet:-1, max-image-preview:large, max-video-preview:-1\" \/>\n<link rel=\"canonical\" href=\"https:\/\/bokslukaren.org\/is\/material\/glomdagen\/\" \/>\n<meta property=\"og:locale\" content=\"is_IS\" \/>\n<meta property=\"og:type\" content=\"article\" \/>\n<meta property=\"og:title\" content=\"Gl\u00f6mdagen - Bokslukaren\" \/>\n<meta property=\"og:description\" content=\"Noa er bo\u00f0i\u00f0 \u00ed afm\u00e6li en hann og mamma hans gleymdu a\u00f0 kaupa gj\u00f6f! \u00deetta ver\u00f0ur mj\u00f6g stressandi og mamma hans er \u00f3\u00feolinm\u00f3\u00f0 vi\u00f0 hann. Noa vill miklu frekar fara heim en a\u00f0 kaupa gj\u00f6f og m\u00e6ta \u00ed afm\u00e6li\u00f0. Hugsi\u00f0 ykkur hva\u00f0 er h\u00e6gt a\u00f0 gleyma m\u00f6rgu \u00e1 einum degi; h\u00fafu, \u00falpu, afm\u00e6lisgj\u00f6f. Og hver [&hellip;]\" \/>\n<meta property=\"og:url\" content=\"https:\/\/bokslukaren.org\/is\/material\/glomdagen\/\" \/>\n<meta property=\"og:site_name\" content=\"Bokslukaren\" \/>\n<meta property=\"article:publisher\" content=\"https:\/\/www.facebook.com\/nordiskkulturkontakt\/\" \/>\n<meta property=\"og:image\" content=\"https:\/\/bokslukaren.org\/wp-content\/uploads\/2023\/08\/Glomdagen_parmbild.jpeg\" \/>\n\t<meta property=\"og:image:width\" content=\"684\" \/>\n\t<meta property=\"og:image:height\" content=\"856\" \/>\n\t<meta property=\"og:image:type\" content=\"image\/jpeg\" \/>\n<meta name=\"twitter:card\" content=\"summary_large_image\" \/>\n<meta name=\"twitter:label1\" content=\"Est. reading time\" \/>\n\t<meta name=\"twitter:data1\" content=\"1 minute\" \/>\n<script type=\"application\/ld+json\" class=\"yoast-schema-graph\">{\"@context\":\"https:\\\/\\\/schema.org\",\"@graph\":[{\"@type\":\"WebPage\",\"@id\":\"https:\\\/\\\/bokslukaren.org\\\/is\\\/material\\\/glomdagen\\\/\",\"url\":\"https:\\\/\\\/bokslukaren.org\\\/is\\\/material\\\/glomdagen\\\/\",\"name\":\"Gl\u00f6mdagen - Bokslukaren\",\"isPartOf\":{\"@id\":\"https:\\\/\\\/bokslukaren.org\\\/is\\\/#website\"},\"primaryImageOfPage\":{\"@id\":\"https:\\\/\\\/bokslukaren.org\\\/is\\\/material\\\/glomdagen\\\/#primaryimage\"},\"image\":{\"@id\":\"https:\\\/\\\/bokslukaren.org\\\/is\\\/material\\\/glomdagen\\\/#primaryimage\"},\"thumbnailUrl\":\"https:\\\/\\\/bokslukaren.org\\\/wp-content\\\/uploads\\\/2023\\\/08\\\/Glomdagen_parmbild.jpeg\",\"datePublished\":\"2023-09-26T20:41:04+00:00\",\"breadcrumb\":{\"@id\":\"https:\\\/\\\/bokslukaren.org\\\/is\\\/material\\\/glomdagen\\\/#breadcrumb\"},\"inLanguage\":\"is\",\"potentialAction\":[{\"@type\":\"ReadAction\",\"target\":[\"https:\\\/\\\/bokslukaren.org\\\/is\\\/material\\\/glomdagen\\\/\"]}]},{\"@type\":\"ImageObject\",\"inLanguage\":\"is\",\"@id\":\"https:\\\/\\\/bokslukaren.org\\\/is\\\/material\\\/glomdagen\\\/#primaryimage\",\"url\":\"https:\\\/\\\/bokslukaren.org\\\/wp-content\\\/uploads\\\/2023\\\/08\\\/Glomdagen_parmbild.jpeg\",\"contentUrl\":\"https:\\\/\\\/bokslukaren.org\\\/wp-content\\\/uploads\\\/2023\\\/08\\\/Glomdagen_parmbild.jpeg\",\"width\":684,\"height\":856,\"caption\":\"\\\"\\\"\"},{\"@type\":\"BreadcrumbList\",\"@id\":\"https:\\\/\\\/bokslukaren.org\\\/is\\\/material\\\/glomdagen\\\/#breadcrumb\",\"itemListElement\":[{\"@type\":\"ListItem\",\"position\":1,\"name\":\"Oppimateriaalit\",\"item\":\"https:\\\/\\\/bokslukaren.org\\\/is\\\/material\\\/\"},{\"@type\":\"ListItem\",\"position\":2,\"name\":\"Gl\u00f6mdagen\"}]},{\"@type\":\"WebSite\",\"@id\":\"https:\\\/\\\/bokslukaren.org\\\/is\\\/#website\",\"url\":\"https:\\\/\\\/bokslukaren.org\\\/is\\\/\",\"name\":\"Bokslukaren\",\"description\":\"Test\",\"potentialAction\":[{\"@type\":\"SearchAction\",\"target\":{\"@type\":\"EntryPoint\",\"urlTemplate\":\"https:\\\/\\\/bokslukaren.org\\\/is\\\/?s={search_term_string}\"},\"query-input\":{\"@type\":\"PropertyValueSpecification\",\"valueRequired\":true,\"valueName\":\"search_term_string\"}}],\"inLanguage\":\"is\"}]}<\/script>\n<!-- \/ Yoast SEO plugin. -->","yoast_head_json":{"title":"Gl\u00f6mdagen - Bokslukaren","robots":{"index":"index","follow":"follow","max-snippet":"max-snippet:-1","max-image-preview":"max-image-preview:large","max-video-preview":"max-video-preview:-1"},"canonical":"https:\/\/bokslukaren.org\/is\/material\/glomdagen\/","og_locale":"is_IS","og_type":"article","og_title":"Gl\u00f6mdagen - Bokslukaren","og_description":"Noa er bo\u00f0i\u00f0 \u00ed afm\u00e6li en hann og mamma hans gleymdu a\u00f0 kaupa gj\u00f6f! \u00deetta ver\u00f0ur mj\u00f6g stressandi og mamma hans er \u00f3\u00feolinm\u00f3\u00f0 vi\u00f0 hann. Noa vill miklu frekar fara heim en a\u00f0 kaupa gj\u00f6f og m\u00e6ta \u00ed afm\u00e6li\u00f0. Hugsi\u00f0 ykkur hva\u00f0 er h\u00e6gt a\u00f0 gleyma m\u00f6rgu \u00e1 einum degi; h\u00fafu, \u00falpu, afm\u00e6lisgj\u00f6f. Og hver [&hellip;]","og_url":"https:\/\/bokslukaren.org\/is\/material\/glomdagen\/","og_site_name":"Bokslukaren","article_publisher":"https:\/\/www.facebook.com\/nordiskkulturkontakt\/","og_image":[{"width":684,"height":856,"url":"https:\/\/bokslukaren.org\/wp-content\/uploads\/2023\/08\/Glomdagen_parmbild.jpeg","type":"image\/jpeg"}],"twitter_card":"summary_large_image","twitter_misc":{"Est. reading time":"1 minute"},"schema":{"@context":"https:\/\/schema.org","@graph":[{"@type":"WebPage","@id":"https:\/\/bokslukaren.org\/is\/material\/glomdagen\/","url":"https:\/\/bokslukaren.org\/is\/material\/glomdagen\/","name":"Gl\u00f6mdagen - Bokslukaren","isPartOf":{"@id":"https:\/\/bokslukaren.org\/is\/#website"},"primaryImageOfPage":{"@id":"https:\/\/bokslukaren.org\/is\/material\/glomdagen\/#primaryimage"},"image":{"@id":"https:\/\/bokslukaren.org\/is\/material\/glomdagen\/#primaryimage"},"thumbnailUrl":"https:\/\/bokslukaren.org\/wp-content\/uploads\/2023\/08\/Glomdagen_parmbild.jpeg","datePublished":"2023-09-26T20:41:04+00:00","breadcrumb":{"@id":"https:\/\/bokslukaren.org\/is\/material\/glomdagen\/#breadcrumb"},"inLanguage":"is","potentialAction":[{"@type":"ReadAction","target":["https:\/\/bokslukaren.org\/is\/material\/glomdagen\/"]}]},{"@type":"ImageObject","inLanguage":"is","@id":"https:\/\/bokslukaren.org\/is\/material\/glomdagen\/#primaryimage","url":"https:\/\/bokslukaren.org\/wp-content\/uploads\/2023\/08\/Glomdagen_parmbild.jpeg","contentUrl":"https:\/\/bokslukaren.org\/wp-content\/uploads\/2023\/08\/Glomdagen_parmbild.jpeg","width":684,"height":856,"caption":"\"\""},{"@type":"BreadcrumbList","@id":"https:\/\/bokslukaren.org\/is\/material\/glomdagen\/#breadcrumb","itemListElement":[{"@type":"ListItem","position":1,"name":"Oppimateriaalit","item":"https:\/\/bokslukaren.org\/is\/material\/"},{"@type":"ListItem","position":2,"name":"Gl\u00f6mdagen"}]},{"@type":"WebSite","@id":"https:\/\/bokslukaren.org\/is\/#website","url":"https:\/\/bokslukaren.org\/is\/","name":"Bokslukaren","description":"Test","potentialAction":[{"@type":"SearchAction","target":{"@type":"EntryPoint","urlTemplate":"https:\/\/bokslukaren.org\/is\/?s={search_term_string}"},"query-input":{"@type":"PropertyValueSpecification","valueRequired":true,"valueName":"search_term_string"}}],"inLanguage":"is"}]}},"post-meta-fields":{"_wpml_word_count":["{\"total\":0,\"to_translate\":{\"da\":2,\"fi\":2,\"is\":2,\"no\":2,\"sv\":2}}"],"_edit_lock":["1695760735:2"],"_edit_last":["2"],"_wpml_media_duplicate":["1"],"_wpml_media_featured":["1"],"learning_material":[""],"_learning_material":["field_61e8018c3e255"],"_learning_material_fi":["field_61e801ac3e256"],"_learning_material_no":["field_61e8024d3e259"],"_learning_material_is":["field_61e802743e25b"],"_learning_material_sme":["field_61e802aa3e25c"],"_learning_material_fo":["field_61e802ca3e25d"],"_learning_material_gl":["field_61e802dc3e25e"],"authors":["1"],"_authors":["field_61f0484070bf9"],"original_language":["sv"],"_original_language":["field_61f048ef70bfc"],"_authors_0_firstname":["field_61f0488570bfa"],"_authors_0_lastname":["field_61f048a670bfb"],"_learning_material_sv":["field_61f40db2d2112"],"_learning_material_da":["field_61f40dd2d2113"],"sound_material_title":[""],"_sound_material_title":["field_64942028cced8"],"_soundfile":["field_649420acccee1"],"_sound_material_title_fi":["field_64942042cced9"],"_sound_material_title_sv":["field_6494204acceda"],"_sound_material_title_no":["field_64942058ccedb"],"_sound_material_title_da":["field_64942064ccedc"],"_sound_material_title_is":["field_6494206eccedd"],"_sound_material_title_sme":["field_6494207cccede"],"_sound_material_title_fo":["field_6494208bccedf"],"_sound_material_title_gl":["field_64942093ccee0"],"_thumbnail_id":["3315"],"_last_translation_edit_mode":["native-editor"],"_wpml_media_has_media":["1"],"authors_0_firstname":["Sara"],"authors_0_lastname":["Lundberg"],"sound_material_title_fi":["Juhlat"],"sound_material_title_sv":["Kalas"],"sound_material_title_no":["Fest"],"sound_material_title_da":["Fest"],"sound_material_title_is":["Veisla"],"sound_material_title_sme":["Feasta"],"sound_material_title_fo":["Veitsla"],"sound_material_title_gl":["Inuuissiortumik nalliuttorsiutiginninneq"],"_yoast_wpseo_content_score":["90"],"_yoast_wpseo_estimated-reading-time-minutes":["1"],"_yoast_wpseo_wordproof_timestamp":[""],"learning_material_fi":["3521"],"learning_material_no":["3531"],"learning_material_is":["3541"],"learning_material_sme":["3546"],"learning_material_gl":["3556"],"learning_material_sv":["3526"],"learning_material_da":["3536"],"soundfile":["3764"],"learning_material_fo":["4347"]},"material_image":"https:\/\/bokslukaren.org\/wp-content\/uploads\/2023\/08\/Glomdagen_parmbild-240x300.jpeg","_links":{"self":[{"href":"https:\/\/bokslukaren.org\/is\/wp-json\/wp\/v2\/learning_material\/3564","targetHints":{"allow":["GET"]}}],"collection":[{"href":"https:\/\/bokslukaren.org\/is\/wp-json\/wp\/v2\/learning_material"}],"about":[{"href":"https:\/\/bokslukaren.org\/is\/wp-json\/wp\/v2\/types\/learning_material"}],"author":[{"embeddable":true,"href":"https:\/\/bokslukaren.org\/is\/wp-json\/wp\/v2\/users\/12"}],"wp:featuredmedia":[{"embeddable":true,"href":"https:\/\/bokslukaren.org\/is\/wp-json\/wp\/v2\/media\/3315"}],"wp:attachment":[{"href":"https:\/\/bokslukaren.org\/is\/wp-json\/wp\/v2\/media?parent=3564"}],"wp:term":[{"taxonomy":"tag","embeddable":true,"href":"https:\/\/bokslukaren.org\/is\/wp-json\/wp\/v2\/material_tags?post=3564"}],"curies":[{"name":"wp","href":"https:\/\/api.w.org\/{rel}","templated":true}]}}