{"id":4050,"date":"2024-02-01T09:00:02","date_gmt":"2024-02-01T07:00:02","guid":{"rendered":"https:\/\/bokslukaren.org\/?post_type=learning_material&#038;p=4050"},"modified":"2025-08-26T11:20:56","modified_gmt":"2025-08-26T08:20:56","slug":"rattan-bettan-och-masken-baudelaire-babypoesi-och-vilda-ramsor","status":"publish","type":"learning_material","link":"https:\/\/bokslukaren.org\/is\/material\/rattan-bettan-och-masken-baudelaire-babypoesi-och-vilda-ramsor\/","title":{"rendered":"R\u00e5ttan Bettan och masken Baudelaire: Babypoesi och vilda ramsor"},"content":{"rendered":"<p>Rottan Bettan og ma\u00f0kurinn<br \/>\nBaudelaire eru me\u00f0al \u00feeirra pers\u00f3na sem<br \/>\nvi\u00f0 kynnumst \u00ed \u00feessari lj\u00f3\u00f0a- og myndab\u00f3k. \u00cd<br \/>\nlj\u00f3\u00f0um sem lei\u00f0a \u00feig \u00e1 hversdagslega sta\u00f0i en<br \/>\nl\u00edka inn \u00ed \u00edmynda\u00f0an heim. H\u00e9r er a\u00f0 finna \u00e1st<br \/>\nog alv\u00f6ru, k\u00edmni, villtar \u00feulur og lj\u00f3\u00f0 sem geta<br \/>\nkveikt l\u00f6ngun til a\u00f0 leika s\u00e9r me\u00f0 m\u00e1li\u00f0, hreyfa<br \/>\nsig og leika s\u00e9r<\/p>\n","protected":false},"author":12,"featured_media":4038,"template":"","format":"standard","meta":{"_acf_changed":false,"_monsterinsights_skip_tracking":false,"_monsterinsights_sitenote_active":false,"_monsterinsights_sitenote_note":"","_monsterinsights_sitenote_category":0},"material_tags":[266,351,529,314,290,199,660,200,486,740,301],"class_list":["post-4050","learning_material","type-learning_material","status-publish","format-standard","has-post-thumbnail","hentry","tag-daglegt-lif","tag-dyr-is","tag-fjolskylda","tag-forvitni","tag-hugmyndaflug","tag-leikur","tag-ljod","tag-nattura","tag-reynsla","tag-sambond","tag-tilfinningar"],"acf":{"authors":[{"firstname":"Annika","lastname":"Sandelin"},{"firstname":"Karoliina","lastname":"Pertamo"}],"original_language":"sv","learning_material":{"fi":4008,"sv":4013,"no":4018,"da":4023,"is":4028,"sme":"","fo":"","gl":""},"sound_material_title":{"fi":"Rotta","sv":"R\u00e5tta","no":"Rotte","da":"Rotte","is":"Rotta","sme":"Roahttu","fo":"Rotta","gl":"Teriarsuaq"},"soundfile":4033},"yoast_head":"<!-- This site is optimized with the Yoast SEO plugin v27.5 - https:\/\/yoast.com\/product\/yoast-seo-wordpress\/ -->\n<title>R\u00e5ttan Bettan och masken Baudelaire: Babypoesi och vilda ramsor - Bokslukaren<\/title>\n<meta name=\"robots\" content=\"index, follow, max-snippet:-1, max-image-preview:large, max-video-preview:-1\" \/>\n<link rel=\"canonical\" href=\"https:\/\/bokslukaren.org\/is\/material\/rattan-bettan-och-masken-baudelaire-babypoesi-och-vilda-ramsor\/\" \/>\n<meta property=\"og:locale\" content=\"is_IS\" \/>\n<meta property=\"og:type\" content=\"article\" \/>\n<meta property=\"og:title\" content=\"R\u00e5ttan Bettan och masken Baudelaire: Babypoesi och vilda ramsor - Bokslukaren\" \/>\n<meta property=\"og:description\" content=\"Rottan Bettan og ma\u00f0kurinn Baudelaire eru me\u00f0al \u00feeirra pers\u00f3na sem vi\u00f0 kynnumst \u00ed \u00feessari lj\u00f3\u00f0a- og myndab\u00f3k. \u00cd lj\u00f3\u00f0um sem lei\u00f0a \u00feig \u00e1 hversdagslega sta\u00f0i en l\u00edka inn \u00ed \u00edmynda\u00f0an heim. H\u00e9r er a\u00f0 finna \u00e1st og alv\u00f6ru, k\u00edmni, villtar \u00feulur og lj\u00f3\u00f0 sem geta kveikt l\u00f6ngun til a\u00f0 leika s\u00e9r me\u00f0 m\u00e1li\u00f0, hreyfa sig [&hellip;]\" \/>\n<meta property=\"og:url\" content=\"https:\/\/bokslukaren.org\/is\/material\/rattan-bettan-och-masken-baudelaire-babypoesi-och-vilda-ramsor\/\" \/>\n<meta property=\"og:site_name\" content=\"Bokslukaren\" \/>\n<meta property=\"article:publisher\" content=\"https:\/\/www.facebook.com\/nordiskkulturkontakt\/\" \/>\n<meta property=\"article:modified_time\" content=\"2025-08-26T08:20:56+00:00\" \/>\n<meta property=\"og:image\" content=\"https:\/\/bokslukaren.org\/wp-content\/uploads\/2024\/01\/RattanBettanOchMaskenBaudelaire2013_Page_01-scaled.jpg\" \/>\n\t<meta property=\"og:image:width\" content=\"1411\" \/>\n\t<meta property=\"og:image:height\" content=\"2560\" \/>\n\t<meta property=\"og:image:type\" content=\"image\/jpeg\" \/>\n<meta name=\"twitter:card\" content=\"summary_large_image\" \/>\n<meta name=\"twitter:label1\" content=\"Est. reading time\" \/>\n\t<meta name=\"twitter:data1\" content=\"1 minute\" \/>\n<script type=\"application\/ld+json\" class=\"yoast-schema-graph\">{\"@context\":\"https:\\\/\\\/schema.org\",\"@graph\":[{\"@type\":\"WebPage\",\"@id\":\"https:\\\/\\\/bokslukaren.org\\\/is\\\/material\\\/rattan-bettan-och-masken-baudelaire-babypoesi-och-vilda-ramsor\\\/\",\"url\":\"https:\\\/\\\/bokslukaren.org\\\/is\\\/material\\\/rattan-bettan-och-masken-baudelaire-babypoesi-och-vilda-ramsor\\\/\",\"name\":\"R\u00e5ttan Bettan och masken Baudelaire: Babypoesi och vilda ramsor - Bokslukaren\",\"isPartOf\":{\"@id\":\"https:\\\/\\\/bokslukaren.org\\\/is\\\/#website\"},\"primaryImageOfPage\":{\"@id\":\"https:\\\/\\\/bokslukaren.org\\\/is\\\/material\\\/rattan-bettan-och-masken-baudelaire-babypoesi-och-vilda-ramsor\\\/#primaryimage\"},\"image\":{\"@id\":\"https:\\\/\\\/bokslukaren.org\\\/is\\\/material\\\/rattan-bettan-och-masken-baudelaire-babypoesi-och-vilda-ramsor\\\/#primaryimage\"},\"thumbnailUrl\":\"https:\\\/\\\/bokslukaren.org\\\/wp-content\\\/uploads\\\/2024\\\/01\\\/RattanBettanOchMaskenBaudelaire2013_Page_01-scaled.jpg\",\"datePublished\":\"2024-02-01T07:00:02+00:00\",\"dateModified\":\"2025-08-26T08:20:56+00:00\",\"breadcrumb\":{\"@id\":\"https:\\\/\\\/bokslukaren.org\\\/is\\\/material\\\/rattan-bettan-och-masken-baudelaire-babypoesi-och-vilda-ramsor\\\/#breadcrumb\"},\"inLanguage\":\"is\",\"potentialAction\":[{\"@type\":\"ReadAction\",\"target\":[\"https:\\\/\\\/bokslukaren.org\\\/is\\\/material\\\/rattan-bettan-och-masken-baudelaire-babypoesi-och-vilda-ramsor\\\/\"]}]},{\"@type\":\"ImageObject\",\"inLanguage\":\"is\",\"@id\":\"https:\\\/\\\/bokslukaren.org\\\/is\\\/material\\\/rattan-bettan-och-masken-baudelaire-babypoesi-och-vilda-ramsor\\\/#primaryimage\",\"url\":\"https:\\\/\\\/bokslukaren.org\\\/wp-content\\\/uploads\\\/2024\\\/01\\\/RattanBettanOchMaskenBaudelaire2013_Page_01-scaled.jpg\",\"contentUrl\":\"https:\\\/\\\/bokslukaren.org\\\/wp-content\\\/uploads\\\/2024\\\/01\\\/RattanBettanOchMaskenBaudelaire2013_Page_01-scaled.jpg\",\"width\":1411,\"height\":2560,\"caption\":\"\\\"\\\"\"},{\"@type\":\"BreadcrumbList\",\"@id\":\"https:\\\/\\\/bokslukaren.org\\\/is\\\/material\\\/rattan-bettan-och-masken-baudelaire-babypoesi-och-vilda-ramsor\\\/#breadcrumb\",\"itemListElement\":[{\"@type\":\"ListItem\",\"position\":1,\"name\":\"Oppimateriaalit\",\"item\":\"https:\\\/\\\/bokslukaren.org\\\/is\\\/material\\\/\"},{\"@type\":\"ListItem\",\"position\":2,\"name\":\"R\u00e5ttan Bettan och masken Baudelaire: Babypoesi och vilda ramsor\"}]},{\"@type\":\"WebSite\",\"@id\":\"https:\\\/\\\/bokslukaren.org\\\/is\\\/#website\",\"url\":\"https:\\\/\\\/bokslukaren.org\\\/is\\\/\",\"name\":\"Bokslukaren\",\"description\":\"Test\",\"potentialAction\":[{\"@type\":\"SearchAction\",\"target\":{\"@type\":\"EntryPoint\",\"urlTemplate\":\"https:\\\/\\\/bokslukaren.org\\\/is\\\/?s={search_term_string}\"},\"query-input\":{\"@type\":\"PropertyValueSpecification\",\"valueRequired\":true,\"valueName\":\"search_term_string\"}}],\"inLanguage\":\"is\"}]}<\/script>\n<!-- \/ Yoast SEO plugin. -->","yoast_head_json":{"title":"R\u00e5ttan Bettan och masken Baudelaire: Babypoesi och vilda ramsor - Bokslukaren","robots":{"index":"index","follow":"follow","max-snippet":"max-snippet:-1","max-image-preview":"max-image-preview:large","max-video-preview":"max-video-preview:-1"},"canonical":"https:\/\/bokslukaren.org\/is\/material\/rattan-bettan-och-masken-baudelaire-babypoesi-och-vilda-ramsor\/","og_locale":"is_IS","og_type":"article","og_title":"R\u00e5ttan Bettan och masken Baudelaire: Babypoesi och vilda ramsor - Bokslukaren","og_description":"Rottan Bettan og ma\u00f0kurinn Baudelaire eru me\u00f0al \u00feeirra pers\u00f3na sem vi\u00f0 kynnumst \u00ed \u00feessari lj\u00f3\u00f0a- og myndab\u00f3k. \u00cd lj\u00f3\u00f0um sem lei\u00f0a \u00feig \u00e1 hversdagslega sta\u00f0i en l\u00edka inn \u00ed \u00edmynda\u00f0an heim. H\u00e9r er a\u00f0 finna \u00e1st og alv\u00f6ru, k\u00edmni, villtar \u00feulur og lj\u00f3\u00f0 sem geta kveikt l\u00f6ngun til a\u00f0 leika s\u00e9r me\u00f0 m\u00e1li\u00f0, hreyfa sig [&hellip;]","og_url":"https:\/\/bokslukaren.org\/is\/material\/rattan-bettan-och-masken-baudelaire-babypoesi-och-vilda-ramsor\/","og_site_name":"Bokslukaren","article_publisher":"https:\/\/www.facebook.com\/nordiskkulturkontakt\/","article_modified_time":"2025-08-26T08:20:56+00:00","og_image":[{"width":1411,"height":2560,"url":"https:\/\/bokslukaren.org\/wp-content\/uploads\/2024\/01\/RattanBettanOchMaskenBaudelaire2013_Page_01-scaled.jpg","type":"image\/jpeg"}],"twitter_card":"summary_large_image","twitter_misc":{"Est. reading time":"1 minute"},"schema":{"@context":"https:\/\/schema.org","@graph":[{"@type":"WebPage","@id":"https:\/\/bokslukaren.org\/is\/material\/rattan-bettan-och-masken-baudelaire-babypoesi-och-vilda-ramsor\/","url":"https:\/\/bokslukaren.org\/is\/material\/rattan-bettan-och-masken-baudelaire-babypoesi-och-vilda-ramsor\/","name":"R\u00e5ttan Bettan och masken Baudelaire: Babypoesi och vilda ramsor - Bokslukaren","isPartOf":{"@id":"https:\/\/bokslukaren.org\/is\/#website"},"primaryImageOfPage":{"@id":"https:\/\/bokslukaren.org\/is\/material\/rattan-bettan-och-masken-baudelaire-babypoesi-och-vilda-ramsor\/#primaryimage"},"image":{"@id":"https:\/\/bokslukaren.org\/is\/material\/rattan-bettan-och-masken-baudelaire-babypoesi-och-vilda-ramsor\/#primaryimage"},"thumbnailUrl":"https:\/\/bokslukaren.org\/wp-content\/uploads\/2024\/01\/RattanBettanOchMaskenBaudelaire2013_Page_01-scaled.jpg","datePublished":"2024-02-01T07:00:02+00:00","dateModified":"2025-08-26T08:20:56+00:00","breadcrumb":{"@id":"https:\/\/bokslukaren.org\/is\/material\/rattan-bettan-och-masken-baudelaire-babypoesi-och-vilda-ramsor\/#breadcrumb"},"inLanguage":"is","potentialAction":[{"@type":"ReadAction","target":["https:\/\/bokslukaren.org\/is\/material\/rattan-bettan-och-masken-baudelaire-babypoesi-och-vilda-ramsor\/"]}]},{"@type":"ImageObject","inLanguage":"is","@id":"https:\/\/bokslukaren.org\/is\/material\/rattan-bettan-och-masken-baudelaire-babypoesi-och-vilda-ramsor\/#primaryimage","url":"https:\/\/bokslukaren.org\/wp-content\/uploads\/2024\/01\/RattanBettanOchMaskenBaudelaire2013_Page_01-scaled.jpg","contentUrl":"https:\/\/bokslukaren.org\/wp-content\/uploads\/2024\/01\/RattanBettanOchMaskenBaudelaire2013_Page_01-scaled.jpg","width":1411,"height":2560,"caption":"\"\""},{"@type":"BreadcrumbList","@id":"https:\/\/bokslukaren.org\/is\/material\/rattan-bettan-och-masken-baudelaire-babypoesi-och-vilda-ramsor\/#breadcrumb","itemListElement":[{"@type":"ListItem","position":1,"name":"Oppimateriaalit","item":"https:\/\/bokslukaren.org\/is\/material\/"},{"@type":"ListItem","position":2,"name":"R\u00e5ttan Bettan och masken Baudelaire: Babypoesi och vilda ramsor"}]},{"@type":"WebSite","@id":"https:\/\/bokslukaren.org\/is\/#website","url":"https:\/\/bokslukaren.org\/is\/","name":"Bokslukaren","description":"Test","potentialAction":[{"@type":"SearchAction","target":{"@type":"EntryPoint","urlTemplate":"https:\/\/bokslukaren.org\/is\/?s={search_term_string}"},"query-input":{"@type":"PropertyValueSpecification","valueRequired":true,"valueName":"search_term_string"}}],"inLanguage":"is"}]}},"post-meta-fields":{"_wpml_word_count":["71"],"_edit_lock":["1756196316:12"],"_edit_last":["12"],"_wpml_media_duplicate":["1"],"_wpml_media_featured":["1"],"learning_material":[""],"_learning_material":["field_61e8018c3e255"],"_learning_material_fi":["field_61e801ac3e256"],"_learning_material_no":["field_61e8024d3e259"],"_learning_material_is":["field_61e802743e25b"],"learning_material_sme":[""],"_learning_material_sme":["field_61e802aa3e25c"],"learning_material_fo":[""],"_learning_material_fo":["field_61e802ca3e25d"],"learning_material_gl":[""],"_learning_material_gl":["field_61e802dc3e25e"],"authors":["2"],"_authors":["field_61f0484070bf9"],"original_language":["sv"],"_original_language":["field_61f048ef70bfc"],"_authors_0_firstname":["field_61f0488570bfa"],"_authors_0_lastname":["field_61f048a670bfb"],"_authors_1_firstname":["field_61f0488570bfa"],"_authors_1_lastname":["field_61f048a670bfb"],"_learning_material_sv":["field_61f40db2d2112"],"_learning_material_da":["field_61f40dd2d2113"],"sound_material_title":[""],"_sound_material_title":["field_64942028cced8"],"_soundfile":["field_649420acccee1"],"_sound_material_title_fi":["field_64942042cced9"],"_sound_material_title_sv":["field_6494204acceda"],"_sound_material_title_no":["field_64942058ccedb"],"_sound_material_title_da":["field_64942064ccedc"],"_sound_material_title_is":["field_6494206eccedd"],"_sound_material_title_sme":["field_6494207cccede"],"_sound_material_title_fo":["field_6494208bccedf"],"_sound_material_title_gl":["field_64942093ccee0"],"_thumbnail_id":["4038"],"_last_translation_edit_mode":["native-editor"],"_wpml_media_has_media":["1"],"authors_0_firstname":["Annika"],"authors_0_lastname":["Sandelin"],"authors_1_firstname":["Karoliina"],"authors_1_lastname":["Pertamo"],"sound_material_title_fi":["Rotta"],"sound_material_title_sv":["R\u00e5tta"],"sound_material_title_no":["Rotte"],"sound_material_title_da":["Rotte"],"sound_material_title_is":["Rotta"],"sound_material_title_sme":["Roahttu"],"sound_material_title_fo":["Rotta"],"sound_material_title_gl":["Teriarsuaq"],"_yoast_wpseo_content_score":["60"],"_yoast_wpseo_estimated-reading-time-minutes":["1"],"_yoast_wpseo_wordproof_timestamp":[""],"_monsterinsights_sitenote_active":["0"],"learning_material_fi":["4006"],"learning_material_no":["4016"],"learning_material_is":["4026"],"learning_material_sv":["4011"],"learning_material_da":["4021"],"soundfile":["4031"]},"material_image":"https:\/\/bokslukaren.org\/wp-content\/uploads\/2024\/01\/RattanBettanOchMaskenBaudelaire2013_Page_01-165x300.jpg","_links":{"self":[{"href":"https:\/\/bokslukaren.org\/is\/wp-json\/wp\/v2\/learning_material\/4050","targetHints":{"allow":["GET"]}}],"collection":[{"href":"https:\/\/bokslukaren.org\/is\/wp-json\/wp\/v2\/learning_material"}],"about":[{"href":"https:\/\/bokslukaren.org\/is\/wp-json\/wp\/v2\/types\/learning_material"}],"author":[{"embeddable":true,"href":"https:\/\/bokslukaren.org\/is\/wp-json\/wp\/v2\/users\/12"}],"wp:featuredmedia":[{"embeddable":true,"href":"https:\/\/bokslukaren.org\/is\/wp-json\/wp\/v2\/media\/4038"}],"wp:attachment":[{"href":"https:\/\/bokslukaren.org\/is\/wp-json\/wp\/v2\/media?parent=4050"}],"wp:term":[{"taxonomy":"tag","embeddable":true,"href":"https:\/\/bokslukaren.org\/is\/wp-json\/wp\/v2\/material_tags?post=4050"}],"curies":[{"name":"wp","href":"https:\/\/api.w.org\/{rel}","templated":true}]}}