{"id":4579,"date":"2024-09-17T10:49:40","date_gmt":"2024-09-17T07:49:40","guid":{"rendered":"https:\/\/bokslukaren.org\/?post_type=learning_material&#038;p=4579"},"modified":"2024-09-17T10:48:28","modified_gmt":"2024-09-17T07:48:28","slug":"den-fantastiske-bus","status":"publish","type":"learning_material","link":"https:\/\/bokslukaren.org\/is\/material\/den-fantastiske-bus\/","title":{"rendered":"Den fantastiske bus"},"content":{"rendered":"<p>\u00cd Den fantastiske bus segir fr\u00e1<br \/>\nvinah\u00f3pi sem bregst vi\u00f0 \u00feegar vinur \u00feeirra<br \/>\nveikist. \u00deau halda af sta\u00f0 \u00ed \u00f3venjulegri r\u00fatu \u00ed<br \/>\nlanga fer\u00f0 til t\u00f6fralandsins Balanka \u00fear sem<br \/>\n\u00f3tr\u00falegar verur ver\u00f0a \u00e1 vegi \u00feeirra og \u00feau finna<br \/>\nbl\u00f3m sem hafa l\u00e6kningam\u00e1tt.<\/p>\n","protected":false},"author":12,"featured_media":4406,"template":"","format":"standard","meta":{"_acf_changed":false,"_monsterinsights_skip_tracking":false,"_monsterinsights_sitenote_active":false,"_monsterinsights_sitenote_note":"","_monsterinsights_sitenote_category":0},"material_tags":[263,175,306,194],"class_list":["post-4579","learning_material","type-learning_material","status-publish","format-standard","has-post-thumbnail","hentry","tag-imyndunarafl","tag-samheldni","tag-veikindi","tag-vinatta"],"acf":{"authors":[{"firstname":"Jakob Martin","lastname":"Strid"}],"original_language":"da","learning_material":{"fi":4539,"sv":4544,"no":4626,"da":4569,"is":4574,"sme":"","fo":4614,"gl":""},"sound_material_title":{"fi":"Matka","sv":"Resa","no":"Reise","da":"Rejse","is":"Fer\u00f0alag","sme":"M\u00e1tki","fo":"Fer\u00f0","gl":"Angalaneq"},"soundfile":4673},"yoast_head":"<!-- This site is optimized with the Yoast SEO plugin v27.5 - https:\/\/yoast.com\/product\/yoast-seo-wordpress\/ -->\n<title>Den fantastiske bus - Bokslukaren<\/title>\n<meta name=\"robots\" content=\"index, follow, max-snippet:-1, max-image-preview:large, max-video-preview:-1\" \/>\n<link rel=\"canonical\" href=\"https:\/\/bokslukaren.org\/is\/material\/den-fantastiske-bus\/\" \/>\n<meta property=\"og:locale\" content=\"is_IS\" \/>\n<meta property=\"og:type\" content=\"article\" \/>\n<meta property=\"og:title\" content=\"Den fantastiske bus - Bokslukaren\" \/>\n<meta property=\"og:description\" content=\"\u00cd Den fantastiske bus segir fr\u00e1 vinah\u00f3pi sem bregst vi\u00f0 \u00feegar vinur \u00feeirra veikist. \u00deau halda af sta\u00f0 \u00ed \u00f3venjulegri r\u00fatu \u00ed langa fer\u00f0 til t\u00f6fralandsins Balanka \u00fear sem \u00f3tr\u00falegar verur ver\u00f0a \u00e1 vegi \u00feeirra og \u00feau finna bl\u00f3m sem hafa l\u00e6kningam\u00e1tt.\" \/>\n<meta property=\"og:url\" content=\"https:\/\/bokslukaren.org\/is\/material\/den-fantastiske-bus\/\" \/>\n<meta property=\"og:site_name\" content=\"Bokslukaren\" \/>\n<meta property=\"article:publisher\" content=\"https:\/\/www.facebook.com\/nordiskkulturkontakt\/\" \/>\n<meta property=\"og:image\" content=\"https:\/\/bokslukaren.org\/wp-content\/uploads\/2024\/09\/forside-DEN-FANTASTISKE-BUS-2.jpg\" \/>\n\t<meta property=\"og:image:width\" content=\"2270\" \/>\n\t<meta property=\"og:image:height\" content=\"1775\" \/>\n\t<meta property=\"og:image:type\" content=\"image\/jpeg\" \/>\n<meta name=\"twitter:card\" content=\"summary_large_image\" \/>\n<meta name=\"twitter:label1\" content=\"Est. reading time\" \/>\n\t<meta name=\"twitter:data1\" content=\"1 minute\" \/>\n<script type=\"application\/ld+json\" class=\"yoast-schema-graph\">{\"@context\":\"https:\\\/\\\/schema.org\",\"@graph\":[{\"@type\":\"WebPage\",\"@id\":\"https:\\\/\\\/bokslukaren.org\\\/is\\\/material\\\/den-fantastiske-bus\\\/\",\"url\":\"https:\\\/\\\/bokslukaren.org\\\/is\\\/material\\\/den-fantastiske-bus\\\/\",\"name\":\"Den fantastiske bus - Bokslukaren\",\"isPartOf\":{\"@id\":\"https:\\\/\\\/bokslukaren.org\\\/is\\\/#website\"},\"primaryImageOfPage\":{\"@id\":\"https:\\\/\\\/bokslukaren.org\\\/is\\\/material\\\/den-fantastiske-bus\\\/#primaryimage\"},\"image\":{\"@id\":\"https:\\\/\\\/bokslukaren.org\\\/is\\\/material\\\/den-fantastiske-bus\\\/#primaryimage\"},\"thumbnailUrl\":\"https:\\\/\\\/bokslukaren.org\\\/wp-content\\\/uploads\\\/2024\\\/09\\\/forside-DEN-FANTASTISKE-BUS-2.jpg\",\"datePublished\":\"2024-09-17T07:49:40+00:00\",\"breadcrumb\":{\"@id\":\"https:\\\/\\\/bokslukaren.org\\\/is\\\/material\\\/den-fantastiske-bus\\\/#breadcrumb\"},\"inLanguage\":\"is\",\"potentialAction\":[{\"@type\":\"ReadAction\",\"target\":[\"https:\\\/\\\/bokslukaren.org\\\/is\\\/material\\\/den-fantastiske-bus\\\/\"]}]},{\"@type\":\"ImageObject\",\"inLanguage\":\"is\",\"@id\":\"https:\\\/\\\/bokslukaren.org\\\/is\\\/material\\\/den-fantastiske-bus\\\/#primaryimage\",\"url\":\"https:\\\/\\\/bokslukaren.org\\\/wp-content\\\/uploads\\\/2024\\\/09\\\/forside-DEN-FANTASTISKE-BUS-2.jpg\",\"contentUrl\":\"https:\\\/\\\/bokslukaren.org\\\/wp-content\\\/uploads\\\/2024\\\/09\\\/forside-DEN-FANTASTISKE-BUS-2.jpg\",\"width\":2270,\"height\":1775,\"caption\":\"\\\"\\\"\"},{\"@type\":\"BreadcrumbList\",\"@id\":\"https:\\\/\\\/bokslukaren.org\\\/is\\\/material\\\/den-fantastiske-bus\\\/#breadcrumb\",\"itemListElement\":[{\"@type\":\"ListItem\",\"position\":1,\"name\":\"Oppimateriaalit\",\"item\":\"https:\\\/\\\/bokslukaren.org\\\/is\\\/material\\\/\"},{\"@type\":\"ListItem\",\"position\":2,\"name\":\"Den fantastiske bus\"}]},{\"@type\":\"WebSite\",\"@id\":\"https:\\\/\\\/bokslukaren.org\\\/is\\\/#website\",\"url\":\"https:\\\/\\\/bokslukaren.org\\\/is\\\/\",\"name\":\"Bokslukaren\",\"description\":\"Test\",\"potentialAction\":[{\"@type\":\"SearchAction\",\"target\":{\"@type\":\"EntryPoint\",\"urlTemplate\":\"https:\\\/\\\/bokslukaren.org\\\/is\\\/?s={search_term_string}\"},\"query-input\":{\"@type\":\"PropertyValueSpecification\",\"valueRequired\":true,\"valueName\":\"search_term_string\"}}],\"inLanguage\":\"is\"}]}<\/script>\n<!-- \/ Yoast SEO plugin. -->","yoast_head_json":{"title":"Den fantastiske bus - Bokslukaren","robots":{"index":"index","follow":"follow","max-snippet":"max-snippet:-1","max-image-preview":"max-image-preview:large","max-video-preview":"max-video-preview:-1"},"canonical":"https:\/\/bokslukaren.org\/is\/material\/den-fantastiske-bus\/","og_locale":"is_IS","og_type":"article","og_title":"Den fantastiske bus - Bokslukaren","og_description":"\u00cd Den fantastiske bus segir fr\u00e1 vinah\u00f3pi sem bregst vi\u00f0 \u00feegar vinur \u00feeirra veikist. \u00deau halda af sta\u00f0 \u00ed \u00f3venjulegri r\u00fatu \u00ed langa fer\u00f0 til t\u00f6fralandsins Balanka \u00fear sem \u00f3tr\u00falegar verur ver\u00f0a \u00e1 vegi \u00feeirra og \u00feau finna bl\u00f3m sem hafa l\u00e6kningam\u00e1tt.","og_url":"https:\/\/bokslukaren.org\/is\/material\/den-fantastiske-bus\/","og_site_name":"Bokslukaren","article_publisher":"https:\/\/www.facebook.com\/nordiskkulturkontakt\/","og_image":[{"width":2270,"height":1775,"url":"https:\/\/bokslukaren.org\/wp-content\/uploads\/2024\/09\/forside-DEN-FANTASTISKE-BUS-2.jpg","type":"image\/jpeg"}],"twitter_card":"summary_large_image","twitter_misc":{"Est. reading time":"1 minute"},"schema":{"@context":"https:\/\/schema.org","@graph":[{"@type":"WebPage","@id":"https:\/\/bokslukaren.org\/is\/material\/den-fantastiske-bus\/","url":"https:\/\/bokslukaren.org\/is\/material\/den-fantastiske-bus\/","name":"Den fantastiske bus - Bokslukaren","isPartOf":{"@id":"https:\/\/bokslukaren.org\/is\/#website"},"primaryImageOfPage":{"@id":"https:\/\/bokslukaren.org\/is\/material\/den-fantastiske-bus\/#primaryimage"},"image":{"@id":"https:\/\/bokslukaren.org\/is\/material\/den-fantastiske-bus\/#primaryimage"},"thumbnailUrl":"https:\/\/bokslukaren.org\/wp-content\/uploads\/2024\/09\/forside-DEN-FANTASTISKE-BUS-2.jpg","datePublished":"2024-09-17T07:49:40+00:00","breadcrumb":{"@id":"https:\/\/bokslukaren.org\/is\/material\/den-fantastiske-bus\/#breadcrumb"},"inLanguage":"is","potentialAction":[{"@type":"ReadAction","target":["https:\/\/bokslukaren.org\/is\/material\/den-fantastiske-bus\/"]}]},{"@type":"ImageObject","inLanguage":"is","@id":"https:\/\/bokslukaren.org\/is\/material\/den-fantastiske-bus\/#primaryimage","url":"https:\/\/bokslukaren.org\/wp-content\/uploads\/2024\/09\/forside-DEN-FANTASTISKE-BUS-2.jpg","contentUrl":"https:\/\/bokslukaren.org\/wp-content\/uploads\/2024\/09\/forside-DEN-FANTASTISKE-BUS-2.jpg","width":2270,"height":1775,"caption":"\"\""},{"@type":"BreadcrumbList","@id":"https:\/\/bokslukaren.org\/is\/material\/den-fantastiske-bus\/#breadcrumb","itemListElement":[{"@type":"ListItem","position":1,"name":"Oppimateriaalit","item":"https:\/\/bokslukaren.org\/is\/material\/"},{"@type":"ListItem","position":2,"name":"Den fantastiske bus"}]},{"@type":"WebSite","@id":"https:\/\/bokslukaren.org\/is\/#website","url":"https:\/\/bokslukaren.org\/is\/","name":"Bokslukaren","description":"Test","potentialAction":[{"@type":"SearchAction","target":{"@type":"EntryPoint","urlTemplate":"https:\/\/bokslukaren.org\/is\/?s={search_term_string}"},"query-input":{"@type":"PropertyValueSpecification","valueRequired":true,"valueName":"search_term_string"}}],"inLanguage":"is"}]}},"post-meta-fields":{"_wpml_word_count":["{\"total\":0,\"to_translate\":{\"da\":2,\"fi\":2,\"is\":2,\"no\":2,\"sv\":2}}"],"_edit_lock":["1726559169:12"],"_edit_last":["12"],"_wpml_media_duplicate":["1"],"_wpml_media_featured":["1"],"learning_material":[""],"_learning_material":["field_61e8018c3e255"],"_learning_material_fi":["field_61e801ac3e256"],"_learning_material_no":["field_61e8024d3e259"],"_learning_material_is":["field_61e802743e25b"],"learning_material_sme":[""],"_learning_material_sme":["field_61e802aa3e25c"],"_learning_material_fo":["field_61e802ca3e25d"],"learning_material_gl":[""],"_learning_material_gl":["field_61e802dc3e25e"],"authors":["1"],"_authors":["field_61f0484070bf9"],"original_language":["da"],"_original_language":["field_61f048ef70bfc"],"_authors_0_firstname":["field_61f0488570bfa"],"_authors_0_lastname":["field_61f048a670bfb"],"_learning_material_sv":["field_61f40db2d2112"],"_learning_material_da":["field_61f40dd2d2113"],"sound_material_title":[""],"_sound_material_title":["field_64942028cced8"],"_soundfile":["field_649420acccee1"],"_sound_material_title_fi":["field_64942042cced9"],"_sound_material_title_sv":["field_6494204acceda"],"_sound_material_title_no":["field_64942058ccedb"],"_sound_material_title_da":["field_64942064ccedc"],"_sound_material_title_is":["field_6494206eccedd"],"_sound_material_title_sme":["field_6494207cccede"],"_sound_material_title_fo":["field_6494208bccedf"],"_sound_material_title_gl":["field_64942093ccee0"],"_thumbnail_id":["4406"],"_last_translation_edit_mode":["translation-editor"],"_wpml_media_has_media":["1"],"authors_0_firstname":["Jakob Martin"],"authors_0_lastname":["Strid"],"sound_material_title_fi":["Matka"],"sound_material_title_sv":["Resa"],"sound_material_title_no":["Reise"],"sound_material_title_da":["Rejse"],"sound_material_title_is":["Fer\u00f0alag"],"sound_material_title_sme":["M\u00e1tki"],"sound_material_title_fo":["Fer\u00f0"],"sound_material_title_gl":["Angalaneq"],"_yoast_wpseo_content_score":["90"],"_yoast_wpseo_estimated-reading-time-minutes":["1"],"learning_material_fi":["4536"],"learning_material_is":["4571"],"learning_material_fo":["4611"],"learning_material_sv":["4541"],"learning_material_da":["4566"],"learning_material_no":["4623"],"soundfile":["4670"]},"material_image":"https:\/\/bokslukaren.org\/wp-content\/uploads\/2024\/09\/forside-DEN-FANTASTISKE-BUS-2-300x235.jpg","_links":{"self":[{"href":"https:\/\/bokslukaren.org\/is\/wp-json\/wp\/v2\/learning_material\/4579","targetHints":{"allow":["GET"]}}],"collection":[{"href":"https:\/\/bokslukaren.org\/is\/wp-json\/wp\/v2\/learning_material"}],"about":[{"href":"https:\/\/bokslukaren.org\/is\/wp-json\/wp\/v2\/types\/learning_material"}],"author":[{"embeddable":true,"href":"https:\/\/bokslukaren.org\/is\/wp-json\/wp\/v2\/users\/12"}],"wp:featuredmedia":[{"embeddable":true,"href":"https:\/\/bokslukaren.org\/is\/wp-json\/wp\/v2\/media\/4406"}],"wp:attachment":[{"href":"https:\/\/bokslukaren.org\/is\/wp-json\/wp\/v2\/media?parent=4579"}],"wp:term":[{"taxonomy":"tag","embeddable":true,"href":"https:\/\/bokslukaren.org\/is\/wp-json\/wp\/v2\/material_tags?post=4579"}],"curies":[{"name":"wp","href":"https:\/\/api.w.org\/{rel}","templated":true}]}}