{"id":4044,"date":"2024-02-01T09:00:37","date_gmt":"2024-02-01T07:00:37","guid":{"rendered":"https:\/\/bokslukaren.org\/?post_type=learning_material&#038;p=4044"},"modified":"2025-08-26T11:21:11","modified_gmt":"2025-08-26T08:21:11","slug":"rattan-bettan-och-masken-baudelaire-babypoesi-och-vilda-ramsor","status":"publish","type":"learning_material","link":"https:\/\/bokslukaren.org\/no\/material\/rattan-bettan-och-masken-baudelaire-babypoesi-och-vilda-ramsor\/","title":{"rendered":"R\u00e5ttan Bettan och masken Baudelaire: Babypoesi och vilda ramsor"},"content":{"rendered":"<p>Rotta Bettan og marken Baudelaire<br \/>\ner noen av figurene vi m\u00f8ter i denne<br \/>\ndiktbildeboka. Dikt som tar deg med b\u00e5de til<br \/>\nhverdagslige steder og ut i fantasiens verden.<br \/>\nHer er det kj\u00e6rlighet og alvor, humor, ville<br \/>\nregler og dikt som kan inspirere til spr\u00e5kglede,<br \/>\nbevegelse og lek.<\/p>\n","protected":false},"author":12,"featured_media":4039,"template":"","format":"standard","meta":{"_acf_changed":false,"_monsterinsights_skip_tracking":false,"_monsterinsights_sitenote_active":false,"_monsterinsights_sitenote_note":"","_monsterinsights_sitenote_category":0},"material_tags":[353,525,273,305,274,218,374,317,446,663,441],"class_list":["post-4044","learning_material","type-learning_material","status-publish","format-standard","has-post-thumbnail","hentry","tag-dyr-no","tag-familie","tag-fantasi-no","tag-folelser","tag-hverdag-no","tag-lek-no","tag-natur-no","tag-nysgjerrighet","tag-opplevelser","tag-poesi-no","tag-relasjoner"],"acf":{"authors":[{"firstname":"Annika","lastname":"Sandelin"},{"firstname":"Karoliina","lastname":"Pertamo"}],"original_language":"sv","learning_material":{"fi":4009,"sv":4014,"no":4019,"da":4024,"is":4029,"sme":"","fo":"","gl":""},"sound_material_title":{"fi":"Rotta","sv":"R\u00e5tta","no":"Rotte","da":"Rotte","is":"Rotta","sme":"Roahttu","fo":"Rotta","gl":"Teriarsuaq"},"soundfile":4034},"yoast_head":"<!-- This site is optimized with the Yoast SEO plugin v27.5 - https:\/\/yoast.com\/product\/yoast-seo-wordpress\/ -->\n<title>R\u00e5ttan Bettan och masken Baudelaire: Babypoesi och vilda ramsor - Bokslukaren<\/title>\n<meta name=\"robots\" content=\"index, follow, max-snippet:-1, max-image-preview:large, max-video-preview:-1\" \/>\n<link rel=\"canonical\" href=\"https:\/\/bokslukaren.org\/no\/material\/rattan-bettan-och-masken-baudelaire-babypoesi-och-vilda-ramsor\/\" \/>\n<meta property=\"og:locale\" content=\"nb_NO\" \/>\n<meta property=\"og:type\" content=\"article\" \/>\n<meta property=\"og:title\" content=\"R\u00e5ttan Bettan och masken Baudelaire: Babypoesi och vilda ramsor - Bokslukaren\" \/>\n<meta property=\"og:description\" content=\"Rotta Bettan og marken Baudelaire er noen av figurene vi m\u00f8ter i denne diktbildeboka. Dikt som tar deg med b\u00e5de til hverdagslige steder og ut i fantasiens verden. Her er det kj\u00e6rlighet og alvor, humor, ville regler og dikt som kan inspirere til spr\u00e5kglede, bevegelse og lek.\" \/>\n<meta property=\"og:url\" content=\"https:\/\/bokslukaren.org\/no\/material\/rattan-bettan-och-masken-baudelaire-babypoesi-och-vilda-ramsor\/\" \/>\n<meta property=\"og:site_name\" content=\"Bokslukaren\" \/>\n<meta property=\"article:publisher\" content=\"https:\/\/www.facebook.com\/nordiskkulturkontakt\/\" \/>\n<meta property=\"article:modified_time\" content=\"2025-08-26T08:21:11+00:00\" \/>\n<meta property=\"og:image\" content=\"https:\/\/bokslukaren.org\/wp-content\/uploads\/2024\/01\/RattanBettanOchMaskenBaudelaire2013_Page_01-scaled.jpg\" \/>\n\t<meta property=\"og:image:width\" content=\"1411\" \/>\n\t<meta property=\"og:image:height\" content=\"2560\" \/>\n\t<meta property=\"og:image:type\" content=\"image\/jpeg\" \/>\n<meta name=\"twitter:card\" content=\"summary_large_image\" \/>\n<meta name=\"twitter:label1\" content=\"Ansl. lesetid\" \/>\n\t<meta name=\"twitter:data1\" content=\"1 minutt\" \/>\n<script type=\"application\/ld+json\" class=\"yoast-schema-graph\">{\"@context\":\"https:\\\/\\\/schema.org\",\"@graph\":[{\"@type\":\"WebPage\",\"@id\":\"https:\\\/\\\/bokslukaren.org\\\/no\\\/material\\\/rattan-bettan-och-masken-baudelaire-babypoesi-och-vilda-ramsor\\\/\",\"url\":\"https:\\\/\\\/bokslukaren.org\\\/no\\\/material\\\/rattan-bettan-och-masken-baudelaire-babypoesi-och-vilda-ramsor\\\/\",\"name\":\"R\u00e5ttan Bettan och masken Baudelaire: Babypoesi och vilda ramsor - Bokslukaren\",\"isPartOf\":{\"@id\":\"https:\\\/\\\/bokslukaren.org\\\/no\\\/#website\"},\"primaryImageOfPage\":{\"@id\":\"https:\\\/\\\/bokslukaren.org\\\/no\\\/material\\\/rattan-bettan-och-masken-baudelaire-babypoesi-och-vilda-ramsor\\\/#primaryimage\"},\"image\":{\"@id\":\"https:\\\/\\\/bokslukaren.org\\\/no\\\/material\\\/rattan-bettan-och-masken-baudelaire-babypoesi-och-vilda-ramsor\\\/#primaryimage\"},\"thumbnailUrl\":\"https:\\\/\\\/bokslukaren.org\\\/wp-content\\\/uploads\\\/2024\\\/01\\\/RattanBettanOchMaskenBaudelaire2013_Page_01-scaled.jpg\",\"datePublished\":\"2024-02-01T07:00:37+00:00\",\"dateModified\":\"2025-08-26T08:21:11+00:00\",\"breadcrumb\":{\"@id\":\"https:\\\/\\\/bokslukaren.org\\\/no\\\/material\\\/rattan-bettan-och-masken-baudelaire-babypoesi-och-vilda-ramsor\\\/#breadcrumb\"},\"inLanguage\":\"nb-NO\",\"potentialAction\":[{\"@type\":\"ReadAction\",\"target\":[\"https:\\\/\\\/bokslukaren.org\\\/no\\\/material\\\/rattan-bettan-och-masken-baudelaire-babypoesi-och-vilda-ramsor\\\/\"]}]},{\"@type\":\"ImageObject\",\"inLanguage\":\"nb-NO\",\"@id\":\"https:\\\/\\\/bokslukaren.org\\\/no\\\/material\\\/rattan-bettan-och-masken-baudelaire-babypoesi-och-vilda-ramsor\\\/#primaryimage\",\"url\":\"https:\\\/\\\/bokslukaren.org\\\/wp-content\\\/uploads\\\/2024\\\/01\\\/RattanBettanOchMaskenBaudelaire2013_Page_01-scaled.jpg\",\"contentUrl\":\"https:\\\/\\\/bokslukaren.org\\\/wp-content\\\/uploads\\\/2024\\\/01\\\/RattanBettanOchMaskenBaudelaire2013_Page_01-scaled.jpg\",\"width\":1411,\"height\":2560,\"caption\":\"\\\"\\\"\"},{\"@type\":\"BreadcrumbList\",\"@id\":\"https:\\\/\\\/bokslukaren.org\\\/no\\\/material\\\/rattan-bettan-och-masken-baudelaire-babypoesi-och-vilda-ramsor\\\/#breadcrumb\",\"itemListElement\":[{\"@type\":\"ListItem\",\"position\":1,\"name\":\"Oppimateriaalit\",\"item\":\"https:\\\/\\\/bokslukaren.org\\\/no\\\/material\\\/\"},{\"@type\":\"ListItem\",\"position\":2,\"name\":\"R\u00e5ttan Bettan och masken Baudelaire: Babypoesi och vilda ramsor\"}]},{\"@type\":\"WebSite\",\"@id\":\"https:\\\/\\\/bokslukaren.org\\\/no\\\/#website\",\"url\":\"https:\\\/\\\/bokslukaren.org\\\/no\\\/\",\"name\":\"Bokslukaren\",\"description\":\"Test\",\"potentialAction\":[{\"@type\":\"SearchAction\",\"target\":{\"@type\":\"EntryPoint\",\"urlTemplate\":\"https:\\\/\\\/bokslukaren.org\\\/no\\\/?s={search_term_string}\"},\"query-input\":{\"@type\":\"PropertyValueSpecification\",\"valueRequired\":true,\"valueName\":\"search_term_string\"}}],\"inLanguage\":\"nb-NO\"}]}<\/script>\n<!-- \/ Yoast SEO plugin. -->","yoast_head_json":{"title":"R\u00e5ttan Bettan och masken Baudelaire: Babypoesi och vilda ramsor - Bokslukaren","robots":{"index":"index","follow":"follow","max-snippet":"max-snippet:-1","max-image-preview":"max-image-preview:large","max-video-preview":"max-video-preview:-1"},"canonical":"https:\/\/bokslukaren.org\/no\/material\/rattan-bettan-och-masken-baudelaire-babypoesi-och-vilda-ramsor\/","og_locale":"nb_NO","og_type":"article","og_title":"R\u00e5ttan Bettan och masken Baudelaire: Babypoesi och vilda ramsor - Bokslukaren","og_description":"Rotta Bettan og marken Baudelaire er noen av figurene vi m\u00f8ter i denne diktbildeboka. Dikt som tar deg med b\u00e5de til hverdagslige steder og ut i fantasiens verden. Her er det kj\u00e6rlighet og alvor, humor, ville regler og dikt som kan inspirere til spr\u00e5kglede, bevegelse og lek.","og_url":"https:\/\/bokslukaren.org\/no\/material\/rattan-bettan-och-masken-baudelaire-babypoesi-och-vilda-ramsor\/","og_site_name":"Bokslukaren","article_publisher":"https:\/\/www.facebook.com\/nordiskkulturkontakt\/","article_modified_time":"2025-08-26T08:21:11+00:00","og_image":[{"width":1411,"height":2560,"url":"https:\/\/bokslukaren.org\/wp-content\/uploads\/2024\/01\/RattanBettanOchMaskenBaudelaire2013_Page_01-scaled.jpg","type":"image\/jpeg"}],"twitter_card":"summary_large_image","twitter_misc":{"Ansl. lesetid":"1 minutt"},"schema":{"@context":"https:\/\/schema.org","@graph":[{"@type":"WebPage","@id":"https:\/\/bokslukaren.org\/no\/material\/rattan-bettan-och-masken-baudelaire-babypoesi-och-vilda-ramsor\/","url":"https:\/\/bokslukaren.org\/no\/material\/rattan-bettan-och-masken-baudelaire-babypoesi-och-vilda-ramsor\/","name":"R\u00e5ttan Bettan och masken Baudelaire: Babypoesi och vilda ramsor - Bokslukaren","isPartOf":{"@id":"https:\/\/bokslukaren.org\/no\/#website"},"primaryImageOfPage":{"@id":"https:\/\/bokslukaren.org\/no\/material\/rattan-bettan-och-masken-baudelaire-babypoesi-och-vilda-ramsor\/#primaryimage"},"image":{"@id":"https:\/\/bokslukaren.org\/no\/material\/rattan-bettan-och-masken-baudelaire-babypoesi-och-vilda-ramsor\/#primaryimage"},"thumbnailUrl":"https:\/\/bokslukaren.org\/wp-content\/uploads\/2024\/01\/RattanBettanOchMaskenBaudelaire2013_Page_01-scaled.jpg","datePublished":"2024-02-01T07:00:37+00:00","dateModified":"2025-08-26T08:21:11+00:00","breadcrumb":{"@id":"https:\/\/bokslukaren.org\/no\/material\/rattan-bettan-och-masken-baudelaire-babypoesi-och-vilda-ramsor\/#breadcrumb"},"inLanguage":"nb-NO","potentialAction":[{"@type":"ReadAction","target":["https:\/\/bokslukaren.org\/no\/material\/rattan-bettan-och-masken-baudelaire-babypoesi-och-vilda-ramsor\/"]}]},{"@type":"ImageObject","inLanguage":"nb-NO","@id":"https:\/\/bokslukaren.org\/no\/material\/rattan-bettan-och-masken-baudelaire-babypoesi-och-vilda-ramsor\/#primaryimage","url":"https:\/\/bokslukaren.org\/wp-content\/uploads\/2024\/01\/RattanBettanOchMaskenBaudelaire2013_Page_01-scaled.jpg","contentUrl":"https:\/\/bokslukaren.org\/wp-content\/uploads\/2024\/01\/RattanBettanOchMaskenBaudelaire2013_Page_01-scaled.jpg","width":1411,"height":2560,"caption":"\"\""},{"@type":"BreadcrumbList","@id":"https:\/\/bokslukaren.org\/no\/material\/rattan-bettan-och-masken-baudelaire-babypoesi-och-vilda-ramsor\/#breadcrumb","itemListElement":[{"@type":"ListItem","position":1,"name":"Oppimateriaalit","item":"https:\/\/bokslukaren.org\/no\/material\/"},{"@type":"ListItem","position":2,"name":"R\u00e5ttan Bettan och masken Baudelaire: Babypoesi och vilda ramsor"}]},{"@type":"WebSite","@id":"https:\/\/bokslukaren.org\/no\/#website","url":"https:\/\/bokslukaren.org\/no\/","name":"Bokslukaren","description":"Test","potentialAction":[{"@type":"SearchAction","target":{"@type":"EntryPoint","urlTemplate":"https:\/\/bokslukaren.org\/no\/?s={search_term_string}"},"query-input":{"@type":"PropertyValueSpecification","valueRequired":true,"valueName":"search_term_string"}}],"inLanguage":"nb-NO"}]}},"post-meta-fields":{"_wpml_word_count":["58"],"_edit_lock":["1756196396:12"],"_edit_last":["12"],"_wpml_media_duplicate":["1"],"_wpml_media_featured":["1"],"learning_material":[""],"_learning_material":["field_61e8018c3e255"],"_learning_material_fi":["field_61e801ac3e256"],"_learning_material_no":["field_61e8024d3e259"],"_learning_material_is":["field_61e802743e25b"],"learning_material_sme":[""],"_learning_material_sme":["field_61e802aa3e25c"],"learning_material_fo":[""],"_learning_material_fo":["field_61e802ca3e25d"],"learning_material_gl":[""],"_learning_material_gl":["field_61e802dc3e25e"],"authors":["2"],"_authors":["field_61f0484070bf9"],"original_language":["sv"],"_original_language":["field_61f048ef70bfc"],"_authors_0_firstname":["field_61f0488570bfa"],"_authors_0_lastname":["field_61f048a670bfb"],"_authors_1_firstname":["field_61f0488570bfa"],"_authors_1_lastname":["field_61f048a670bfb"],"_learning_material_sv":["field_61f40db2d2112"],"_learning_material_da":["field_61f40dd2d2113"],"sound_material_title":[""],"_sound_material_title":["field_64942028cced8"],"_soundfile":["field_649420acccee1"],"_sound_material_title_fi":["field_64942042cced9"],"_sound_material_title_sv":["field_6494204acceda"],"_sound_material_title_no":["field_64942058ccedb"],"_sound_material_title_da":["field_64942064ccedc"],"_sound_material_title_is":["field_6494206eccedd"],"_sound_material_title_sme":["field_6494207cccede"],"_sound_material_title_fo":["field_6494208bccedf"],"_sound_material_title_gl":["field_64942093ccee0"],"_thumbnail_id":["4039"],"_last_translation_edit_mode":["native-editor"],"_wpml_media_has_media":["1"],"authors_0_firstname":["Annika"],"authors_0_lastname":["Sandelin"],"authors_1_firstname":["Karoliina"],"authors_1_lastname":["Pertamo"],"sound_material_title_fi":["Rotta"],"sound_material_title_sv":["R\u00e5tta"],"sound_material_title_no":["Rotte"],"sound_material_title_da":["Rotte"],"sound_material_title_is":["Rotta"],"sound_material_title_sme":["Roahttu"],"sound_material_title_fo":["Rotta"],"sound_material_title_gl":["Teriarsuaq"],"_yoast_wpseo_content_score":["90"],"_yoast_wpseo_estimated-reading-time-minutes":["1"],"_yoast_wpseo_wordproof_timestamp":[""],"_monsterinsights_sitenote_active":["0"],"learning_material_fi":["4006"],"learning_material_no":["4016"],"learning_material_is":["4026"],"learning_material_sv":["4011"],"learning_material_da":["4021"],"soundfile":["4031"]},"material_image":"https:\/\/bokslukaren.org\/wp-content\/uploads\/2024\/01\/RattanBettanOchMaskenBaudelaire2013_Page_01-165x300.jpg","_links":{"self":[{"href":"https:\/\/bokslukaren.org\/no\/wp-json\/wp\/v2\/learning_material\/4044","targetHints":{"allow":["GET"]}}],"collection":[{"href":"https:\/\/bokslukaren.org\/no\/wp-json\/wp\/v2\/learning_material"}],"about":[{"href":"https:\/\/bokslukaren.org\/no\/wp-json\/wp\/v2\/types\/learning_material"}],"author":[{"embeddable":true,"href":"https:\/\/bokslukaren.org\/no\/wp-json\/wp\/v2\/users\/12"}],"wp:featuredmedia":[{"embeddable":true,"href":"https:\/\/bokslukaren.org\/no\/wp-json\/wp\/v2\/media\/4039"}],"wp:attachment":[{"href":"https:\/\/bokslukaren.org\/no\/wp-json\/wp\/v2\/media?parent=4044"}],"wp:term":[{"taxonomy":"tag","embeddable":true,"href":"https:\/\/bokslukaren.org\/no\/wp-json\/wp\/v2\/material_tags?post=4044"}],"curies":[{"name":"wp","href":"https:\/\/api.w.org\/{rel}","templated":true}]}}