{"id":2048,"date":"2022-08-08T13:53:48","date_gmt":"2022-08-08T10:53:48","guid":{"rendered":"https:\/\/bokslukaren.org\/?page_id=2048"},"modified":"2026-02-02T13:43:57","modified_gmt":"2026-02-02T11:43:57","slug":"samarbeid","status":"publish","type":"page","link":"https:\/\/bokslukaren.org\/no\/samarbeid\/","title":{"rendered":"Samarbeid"},"content":{"rendered":"<div class=\"wp-bootstrap-blocks-container container mb-5\">\n\t\n<div class=\"wp-bootstrap-blocks-row row justify-content-center align-items-center\">\n\t\n\n<div class=\"col-12 col-sm-6 col-md-4 col-lg-4\">\n\t\t\t<div class=\"p-2\">\n\t\t\t\n\n<p class=\"has-text-align-center\"><\/p>\n\n\t\t<\/div>\n\t<\/div>\n\n\n\n<div class=\"col-12 col-sm-6 col-md-4 col-lg-4\">\n\t\t\t<div class=\"p-3\">\n\t\t\t\n\n<h2 class=\"wp-block-heading has-text-align-center\"><strong><strong>Vil du samarbeide med Den nordiske bokslukeren?&nbsp;<\/strong><\/strong><\/h2>\n\n\n\n<p class=\"has-text-align-center\">Vi arrangerer gjerne workshopper for leseagenter \u2013 kontakt oss hvis du kjenner en m\u00e5lgruppe som kan v\u00e6re interessert i \u00e5 bli kjent med Den nordiske bokslukeren!<\/p>\n\n\n\n<p class=\"has-text-align-center\"><strong>Marie Busck-Nielsen<\/strong>, projektmedarbejder<br><strong><a href=\"mailto:marie.busck-nielsen@nkk.org\">marie.busck-nielsen@nkk.org<\/a><\/strong><\/p>\n\n\n\n<p class=\"has-text-align-center\"><strong>Pressekontakt:<br><\/strong><strong>Heidi Orava,&nbsp;<\/strong>kommunikationschef, Nordisk kulturkontakt<br><strong><a href=\"mailto:heidi.orava@nkk.org\">heidi.orava@nkk.org<\/a><\/strong><\/p>\n\n\n\n<p class=\"has-text-align-center\">Workshopper og h\u00f8ytlesning med Den nordiske bokslukeren organiseres l\u00f8pende hos Nordisk kulturkontakt i Helsingfors og Norden hus i Reykjav\u00edk.&nbsp;&nbsp;<\/p>\n\n\n\n<figure class=\"wp-block-image size-large\"><img loading=\"lazy\" decoding=\"async\" width=\"1445\" height=\"1157\" src=\"https:\/\/bokslukaren.org\/wp-content\/uploads\/2025\/08\/Bogbanan-9-1-1445x1157.png\" alt=\"\" class=\"wp-image-4962\" srcset=\"https:\/\/bokslukaren.org\/wp-content\/uploads\/2025\/08\/Bogbanan-9-1-1445x1157.png 1445w, https:\/\/bokslukaren.org\/wp-content\/uploads\/2025\/08\/Bogbanan-9-1-300x240.png 300w, https:\/\/bokslukaren.org\/wp-content\/uploads\/2025\/08\/Bogbanan-9-1-768x615.png 768w, https:\/\/bokslukaren.org\/wp-content\/uploads\/2025\/08\/Bogbanan-9-1-1536x1230.png 1536w, https:\/\/bokslukaren.org\/wp-content\/uploads\/2025\/08\/Bogbanan-9-1-2048x1640.png 2048w, https:\/\/bokslukaren.org\/wp-content\/uploads\/2025\/08\/Bogbanan-9-1-1920x1537.png 1920w\" sizes=\"auto, (max-width: 1445px) 100vw, 1445px\" \/><\/figure>\n\n\t\t<\/div>\n\t<\/div>\n\n\n\n<div class=\"col-12 col-md-4\">\n\t\t\t\t<\/div>\n\n<\/div>\n\n\n<div class=\"wp-bootstrap-blocks-row row justify-content-center align-items-center\">\n\t\n\n<div class=\"col-12 col-sm-6 col-md-4 col-lg-4\">\n\t\t\t<div class=\"p-3\">\n\t\t\t\t\t<\/div>\n\t<\/div>\n\n\n\n<div class=\"col-12 col-sm-6 col-md-4 col-lg-4\">\n\t\t\t<div class=\"p-2\">\n\t\t\t\n\n<h3 class=\"wp-block-heading has-text-align-center\"><strong>Arbeidsgruppa&nbsp;<\/strong>&nbsp;<\/h3>\n\n\n\n<p class=\"has-text-align-center\">Den nordiske bokslukerens arbeidsgruppe best\u00e5r av kompetente medlemmer fra alle de nordiske spr\u00e5komr\u00e5dene. Arbeidsgruppen skaper det pedagogiske materiellet og fungerer som ambassad\u00f8rer for Den nordiske bokslukeren i de nordiske regionene.&nbsp;<\/p>\n\n\n\n<p class=\"has-text-align-center\"><strong>Anna H\u00e4llgren<\/strong>, leseagent (SE)&nbsp;<\/p>\n\n\n\n<p class=\"has-text-align-center\"><strong>Anni Ag\u00e9lii<\/strong>, skolebibliotekskoordinator (SE)<\/p>\n\n\n\n<p class=\"has-text-align-center\"><strong>Dr\u00edfa Gu\u00f0mundsd\u00f3ttir<\/strong>, barne- og ungdomsbibliotekar (NO)&nbsp;<\/p>\n\n\n\n<p class=\"has-text-align-center\"><strong>Eilen<\/strong> <strong>Anthoniussen<\/strong>, projektleder F\u00f8royar lesa (FO)<\/p>\n\n\n\n<p class=\"has-text-align-center\"><strong>Jens Olesen<\/strong>, journalist og kulturr\u00e5dgiver om barns spr\u00e5kutvikling (DK)<\/p>\n\n\n\n<p class=\"has-text-align-center\"><strong>Hrafnhildur Gissurard\u00f3ttir, <\/strong>kunst- og kulturprodusent (IS)<\/p>\n\n\n\n<p class=\"has-text-align-center\"><strong>Karen Anne Buljo<\/strong>, forfatter (S\u00c1)<\/p>\n\n\n\n<p class=\"has-text-align-center\"><strong>Michelle Mattfolk<\/strong>, spesialbibliotekar (FI)<\/p>\n\n\n\n<p class=\"has-text-align-center\"><strong>Mikaela Wickstr\u00f6m<\/strong>, leseagent, en av prosjektet Den nordiske bokslukerens initiativtakere (FI)<\/p>\n\n\n\n<p class=\"has-text-align-center\"><strong>Nina Nordal R\u00f8nne<\/strong>, forfatter og illustrat\u00f8r (NO)<\/p>\n\n\n\n<p class=\"has-text-align-center\"><strong>Sara Gollander<\/strong>, barnebibliotekar (DK)<\/p>\n\n\n\n<p class=\"has-text-align-center\"><strong>Tina Sedin<\/strong>, sm\u00e5barnspedagog (FI)&nbsp;<\/p>\n\n\n\n<p class=\"has-text-align-center\"><strong>Troels Posselt<\/strong>, l\u00e6rer og litteraturviter (NO)<\/p>\n\n\n\n<p class=\"has-text-align-center\">Hvis du er interessert, forteller prosjektlederne gjerne mer om hva arbeidsgruppen gj\u00f8r, og om mulige samarbeid.&nbsp;<\/p>\n\n\t\t<\/div>\n\t<\/div>\n\n\n\n<div class=\"col-12 col-md-4\">\n\t\t\t\t<\/div>\n\n<\/div>\n\n<\/div>\n\n\n\n<div class=\"wp-block-columns is-layout-flex wp-container-core-columns-is-layout-9d6595d7 wp-block-columns-is-layout-flex\">\n<div class=\"wp-block-column is-layout-flow wp-block-column-is-layout-flow\" style=\"flex-basis:100%\">\n<div class=\"wp-block-columns is-layout-flex wp-container-core-columns-is-layout-9d6595d7 wp-block-columns-is-layout-flex\">\n<div class=\"wp-block-column is-layout-flow wp-block-column-is-layout-flow\" style=\"flex-basis:25%\"><\/div>\n\n\n\n<div class=\"wp-block-column is-layout-flow wp-block-column-is-layout-flow\" style=\"flex-basis:50%\">\n<h3 class=\"wp-block-heading has-text-align-center\"><strong>V\u00e5re tidligere samarbeid&nbsp;<\/strong><\/h3>\n\n\n\n<p class=\"has-text-align-center\">Den nordiske bokslukeren er initiert av Nordisk kulturkontakt, som ogs\u00e5 leder prosjektet. Nordens hus p\u00e5 F\u00e6r\u00f8yene, Nordens hus i Reykjav\u00edk, Nordens institutt p\u00e5 Gr\u00f8nland og Nordens institutt p\u00e5 \u00c5land er samarbeidspartnere i prosjektet.&nbsp;&nbsp;<\/p>\n\n\n\n<p class=\"has-text-align-center\">Vi har hatt samarbeid med Norden i skolen, Sydkustens ordkonstskola og linjen for sm\u00e5barnspedagogikk ved Helsingfors universitet. Prosjektet samarbeider ogs\u00e5 med forlag rundt i Norden som forsyner arbeidsgruppen med arbeidseksemplarer av b\u00f8kene som f\u00e5r pedagogisk materiale. <\/p>\n\n\n\n<p class=\"has-text-align-center\">I forbindelse med prosjektets pilotfase ble ogs\u00e5 publikasjonen <a href=\"https:\/\/pub.nkk.org\/nordiskabilderbocker\/\" target=\"_blank\" rel=\"noreferrer noopener\">\u201dS\u00e5 uppt\u00e4cker barnen de nordiska bilderb\u00f6ckerna \u2013 kvalitativa effekter av st\u00f6dresurser till l\u00e4sfr\u00e4mjare\u201d<\/a> skrevet.&nbsp;<\/p>\n<\/div>\n\n\n\n<div class=\"wp-block-column is-layout-flow wp-block-column-is-layout-flow\" style=\"flex-basis:25%\"><\/div>\n<\/div>\n<\/div>\n<\/div>\n","protected":false},"excerpt":{"rendered":"<p>V\u00e5re tidligere samarbeid&nbsp; Den nordiske bokslukeren er initiert av Nordisk kulturkontakt, som ogs\u00e5 leder prosjektet. Nordens hus p\u00e5 F\u00e6r\u00f8yene, Nordens hus i Reykjav\u00edk, Nordens institutt p\u00e5 Gr\u00f8nland og Nordens institutt p\u00e5 \u00c5land er samarbeidspartnere i prosjektet.&nbsp;&nbsp; Vi har hatt samarbeid med Norden i skolen, Sydkustens ordkonstskola og linjen for sm\u00e5barnspedagogikk ved Helsingfors universitet. Prosjektet samarbeider [&hellip;]<\/p>\n","protected":false},"author":1,"featured_media":0,"parent":0,"menu_order":0,"comment_status":"closed","ping_status":"closed","template":"","meta":{"_acf_changed":false,"_monsterinsights_skip_tracking":false,"_monsterinsights_sitenote_active":false,"_monsterinsights_sitenote_note":"","_monsterinsights_sitenote_category":0,"footnotes":""},"class_list":["post-2048","page","type-page","status-publish","hentry"],"acf":[],"yoast_head":"<!-- This site is optimized with the Yoast SEO plugin v27.4 - https:\/\/yoast.com\/product\/yoast-seo-wordpress\/ -->\n<title>Samarbeid - Bokslukaren<\/title>\n<meta name=\"robots\" content=\"index, follow, max-snippet:-1, max-image-preview:large, max-video-preview:-1\" \/>\n<link rel=\"canonical\" href=\"https:\/\/bokslukaren.org\/no\/samarbeid\/\" \/>\n<meta property=\"og:locale\" content=\"nb_NO\" \/>\n<meta property=\"og:type\" content=\"article\" \/>\n<meta property=\"og:title\" content=\"Samarbeid - Bokslukaren\" \/>\n<meta property=\"og:description\" content=\"V\u00e5re tidligere samarbeid&nbsp; Den nordiske bokslukeren er initiert av Nordisk kulturkontakt, som ogs\u00e5 leder prosjektet. Nordens hus p\u00e5 F\u00e6r\u00f8yene, Nordens hus i Reykjav\u00edk, Nordens institutt p\u00e5 Gr\u00f8nland og Nordens institutt p\u00e5 \u00c5land er samarbeidspartnere i prosjektet.&nbsp;&nbsp; Vi har hatt samarbeid med Norden i skolen, Sydkustens ordkonstskola og linjen for sm\u00e5barnspedagogikk ved Helsingfors universitet. Prosjektet samarbeider [&hellip;]\" \/>\n<meta property=\"og:url\" content=\"https:\/\/bokslukaren.org\/no\/samarbeid\/\" \/>\n<meta property=\"og:site_name\" content=\"Bokslukaren\" \/>\n<meta property=\"article:publisher\" content=\"https:\/\/www.facebook.com\/nordiskkulturkontakt\/\" \/>\n<meta property=\"article:modified_time\" content=\"2026-02-02T11:43:57+00:00\" \/>\n<meta property=\"og:image\" content=\"https:\/\/bokslukaren.org\/wp-content\/uploads\/2025\/08\/Bogbanan-9-1-1445x1157.png\" \/>\n\t<meta property=\"og:image:width\" content=\"1445\" \/>\n\t<meta property=\"og:image:height\" content=\"1157\" \/>\n\t<meta property=\"og:image:type\" content=\"image\/png\" \/>\n<meta name=\"twitter:card\" content=\"summary_large_image\" \/>\n<meta name=\"twitter:label1\" content=\"Ansl. lesetid\" \/>\n\t<meta name=\"twitter:data1\" content=\"2 minutter\" \/>\n<script type=\"application\/ld+json\" class=\"yoast-schema-graph\">{\"@context\":\"https:\\\/\\\/schema.org\",\"@graph\":[{\"@type\":\"WebPage\",\"@id\":\"https:\\\/\\\/bokslukaren.org\\\/no\\\/samarbeid\\\/\",\"url\":\"https:\\\/\\\/bokslukaren.org\\\/no\\\/samarbeid\\\/\",\"name\":\"Samarbeid - Bokslukaren\",\"isPartOf\":{\"@id\":\"https:\\\/\\\/bokslukaren.org\\\/no\\\/#website\"},\"primaryImageOfPage\":{\"@id\":\"https:\\\/\\\/bokslukaren.org\\\/no\\\/samarbeid\\\/#primaryimage\"},\"image\":{\"@id\":\"https:\\\/\\\/bokslukaren.org\\\/no\\\/samarbeid\\\/#primaryimage\"},\"thumbnailUrl\":\"https:\\\/\\\/bokslukaren.org\\\/wp-content\\\/uploads\\\/2025\\\/08\\\/Bogbanan-9-1-1445x1157.png\",\"datePublished\":\"2022-08-08T10:53:48+00:00\",\"dateModified\":\"2026-02-02T11:43:57+00:00\",\"inLanguage\":\"nb-NO\",\"potentialAction\":[{\"@type\":\"ReadAction\",\"target\":[\"https:\\\/\\\/bokslukaren.org\\\/no\\\/samarbeid\\\/\"]}]},{\"@type\":\"ImageObject\",\"inLanguage\":\"nb-NO\",\"@id\":\"https:\\\/\\\/bokslukaren.org\\\/no\\\/samarbeid\\\/#primaryimage\",\"url\":\"https:\\\/\\\/bokslukaren.org\\\/wp-content\\\/uploads\\\/2025\\\/08\\\/Bogbanan-9-1-1445x1157.png\",\"contentUrl\":\"https:\\\/\\\/bokslukaren.org\\\/wp-content\\\/uploads\\\/2025\\\/08\\\/Bogbanan-9-1-1445x1157.png\"},{\"@type\":\"WebSite\",\"@id\":\"https:\\\/\\\/bokslukaren.org\\\/no\\\/#website\",\"url\":\"https:\\\/\\\/bokslukaren.org\\\/no\\\/\",\"name\":\"Bokslukaren\",\"description\":\"Test\",\"potentialAction\":[{\"@type\":\"SearchAction\",\"target\":{\"@type\":\"EntryPoint\",\"urlTemplate\":\"https:\\\/\\\/bokslukaren.org\\\/no\\\/?s={search_term_string}\"},\"query-input\":{\"@type\":\"PropertyValueSpecification\",\"valueRequired\":true,\"valueName\":\"search_term_string\"}}],\"inLanguage\":\"nb-NO\"}]}<\/script>\n<!-- \/ Yoast SEO plugin. -->","yoast_head_json":{"title":"Samarbeid - Bokslukaren","robots":{"index":"index","follow":"follow","max-snippet":"max-snippet:-1","max-image-preview":"max-image-preview:large","max-video-preview":"max-video-preview:-1"},"canonical":"https:\/\/bokslukaren.org\/no\/samarbeid\/","og_locale":"nb_NO","og_type":"article","og_title":"Samarbeid - Bokslukaren","og_description":"V\u00e5re tidligere samarbeid&nbsp; Den nordiske bokslukeren er initiert av Nordisk kulturkontakt, som ogs\u00e5 leder prosjektet. Nordens hus p\u00e5 F\u00e6r\u00f8yene, Nordens hus i Reykjav\u00edk, Nordens institutt p\u00e5 Gr\u00f8nland og Nordens institutt p\u00e5 \u00c5land er samarbeidspartnere i prosjektet.&nbsp;&nbsp; Vi har hatt samarbeid med Norden i skolen, Sydkustens ordkonstskola og linjen for sm\u00e5barnspedagogikk ved Helsingfors universitet. Prosjektet samarbeider [&hellip;]","og_url":"https:\/\/bokslukaren.org\/no\/samarbeid\/","og_site_name":"Bokslukaren","article_publisher":"https:\/\/www.facebook.com\/nordiskkulturkontakt\/","article_modified_time":"2026-02-02T11:43:57+00:00","og_image":[{"width":1445,"height":1157,"url":"https:\/\/bokslukaren.org\/wp-content\/uploads\/2025\/08\/Bogbanan-9-1-1445x1157.png","type":"image\/png"}],"twitter_card":"summary_large_image","twitter_misc":{"Ansl. lesetid":"2 minutter"},"schema":{"@context":"https:\/\/schema.org","@graph":[{"@type":"WebPage","@id":"https:\/\/bokslukaren.org\/no\/samarbeid\/","url":"https:\/\/bokslukaren.org\/no\/samarbeid\/","name":"Samarbeid - Bokslukaren","isPartOf":{"@id":"https:\/\/bokslukaren.org\/no\/#website"},"primaryImageOfPage":{"@id":"https:\/\/bokslukaren.org\/no\/samarbeid\/#primaryimage"},"image":{"@id":"https:\/\/bokslukaren.org\/no\/samarbeid\/#primaryimage"},"thumbnailUrl":"https:\/\/bokslukaren.org\/wp-content\/uploads\/2025\/08\/Bogbanan-9-1-1445x1157.png","datePublished":"2022-08-08T10:53:48+00:00","dateModified":"2026-02-02T11:43:57+00:00","inLanguage":"nb-NO","potentialAction":[{"@type":"ReadAction","target":["https:\/\/bokslukaren.org\/no\/samarbeid\/"]}]},{"@type":"ImageObject","inLanguage":"nb-NO","@id":"https:\/\/bokslukaren.org\/no\/samarbeid\/#primaryimage","url":"https:\/\/bokslukaren.org\/wp-content\/uploads\/2025\/08\/Bogbanan-9-1-1445x1157.png","contentUrl":"https:\/\/bokslukaren.org\/wp-content\/uploads\/2025\/08\/Bogbanan-9-1-1445x1157.png"},{"@type":"WebSite","@id":"https:\/\/bokslukaren.org\/no\/#website","url":"https:\/\/bokslukaren.org\/no\/","name":"Bokslukaren","description":"Test","potentialAction":[{"@type":"SearchAction","target":{"@type":"EntryPoint","urlTemplate":"https:\/\/bokslukaren.org\/no\/?s={search_term_string}"},"query-input":{"@type":"PropertyValueSpecification","valueRequired":true,"valueName":"search_term_string"}}],"inLanguage":"nb-NO"}]}},"_links":{"self":[{"href":"https:\/\/bokslukaren.org\/no\/wp-json\/wp\/v2\/pages\/2048","targetHints":{"allow":["GET"]}}],"collection":[{"href":"https:\/\/bokslukaren.org\/no\/wp-json\/wp\/v2\/pages"}],"about":[{"href":"https:\/\/bokslukaren.org\/no\/wp-json\/wp\/v2\/types\/page"}],"author":[{"embeddable":true,"href":"https:\/\/bokslukaren.org\/no\/wp-json\/wp\/v2\/users\/1"}],"replies":[{"embeddable":true,"href":"https:\/\/bokslukaren.org\/no\/wp-json\/wp\/v2\/comments?post=2048"}],"version-history":[{"count":13,"href":"https:\/\/bokslukaren.org\/no\/wp-json\/wp\/v2\/pages\/2048\/revisions"}],"predecessor-version":[{"id":5362,"href":"https:\/\/bokslukaren.org\/no\/wp-json\/wp\/v2\/pages\/2048\/revisions\/5362"}],"wp:attachment":[{"href":"https:\/\/bokslukaren.org\/no\/wp-json\/wp\/v2\/media?parent=2048"}],"curies":[{"name":"wp","href":"https:\/\/api.w.org\/{rel}","templated":true}]}}